{"id":2580,"date":"2021-12-07T08:58:54","date_gmt":"2021-12-07T07:58:54","guid":{"rendered":"https:\/\/vjf.at\/netzwerk-sued\/?page_id=2580"},"modified":"2026-03-03T16:25:07","modified_gmt":"2026-03-03T15:25:07","slug":"home","status":"publish","type":"page","link":"https:\/\/vjf.at\/netzwerk-sued\/","title":{"rendered":"Home"},"content":{"rendered":"\t\t<div data-elementor-type=\"wp-page\" data-elementor-id=\"2580\" class=\"elementor elementor-2580\" data-elementor-post-type=\"page\">\n\t\t\t\t<div class=\"elementor-element elementor-element-3b154bff e-con-full e-flex e-con e-parent\" data-id=\"3b154bff\" data-element_type=\"container\" data-e-type=\"container\" data-settings=\"{&quot;background_background&quot;:&quot;classic&quot;}\">\n\t\t<div class=\"elementor-element elementor-element-520e7a6a e-con-full e-flex e-con e-child\" data-id=\"520e7a6a\" data-element_type=\"container\" data-e-type=\"container\">\n\t\t\t\t<div class=\"elementor-element elementor-element-1670bf97 elementor-widget__width-initial elementor-widget elementor-widget-image\" data-id=\"1670bf97\" data-element_type=\"widget\" data-e-type=\"widget\" data-widget_type=\"image.default\">\n\t\t\t\t<div class=\"elementor-widget-container\">\n\t\t\t\t\t\t\t\t\t\t\t\t\t\t\t<img fetchpriority=\"high\" decoding=\"async\" width=\"800\" height=\"800\" src=\"https:\/\/vjf.at\/netzwerk-sued\/wp-content\/uploads\/sites\/18\/2025\/10\/Netzwerk.png\" class=\"attachment-full size-full wp-image-3591\" alt=\"\" srcset=\"https:\/\/vjf.at\/netzwerk-sued\/wp-content\/uploads\/sites\/18\/2025\/10\/Netzwerk.png 800w, https:\/\/vjf.at\/netzwerk-sued\/wp-content\/uploads\/sites\/18\/2025\/10\/Netzwerk-300x300.png 300w, https:\/\/vjf.at\/netzwerk-sued\/wp-content\/uploads\/sites\/18\/2025\/10\/Netzwerk-500x500.png 500w, https:\/\/vjf.at\/netzwerk-sued\/wp-content\/uploads\/sites\/18\/2025\/10\/Netzwerk-150x150.png 150w, https:\/\/vjf.at\/netzwerk-sued\/wp-content\/uploads\/sites\/18\/2025\/10\/Netzwerk-768x768.png 768w\" sizes=\"(max-width: 800px) 100vw, 800px\" \/>\t\t\t\t\t\t\t\t\t\t\t\t\t\t\t<\/div>\n\t\t\t\t<\/div>\n\t\t\t\t<\/div>\n\t\t\t\t<\/div>\n\t\t<div class=\"elementor-element elementor-element-48eb61b e-flex e-con-boxed e-con e-parent\" data-id=\"48eb61b\" data-element_type=\"container\" data-e-type=\"container\">\n\t\t\t\t\t<div class=\"e-con-inner\">\n\t\t\t\t<div class=\"elementor-element elementor-element-ead04c4 elementor-grid-3 elementor-grid-tablet-2 elementor-grid-mobile-1 elementor-posts--thumbnail-top elementor-card-shadow-yes elementor-posts__hover-gradient elementor-widget elementor-widget-posts\" data-id=\"ead04c4\" data-element_type=\"widget\" data-e-type=\"widget\" data-settings=\"{&quot;cards_columns&quot;:&quot;3&quot;,&quot;cards_columns_tablet&quot;:&quot;2&quot;,&quot;cards_columns_mobile&quot;:&quot;1&quot;,&quot;cards_row_gap&quot;:{&quot;unit&quot;:&quot;px&quot;,&quot;size&quot;:35,&quot;sizes&quot;:[]},&quot;cards_row_gap_tablet&quot;:{&quot;unit&quot;:&quot;px&quot;,&quot;size&quot;:&quot;&quot;,&quot;sizes&quot;:[]},&quot;cards_row_gap_mobile&quot;:{&quot;unit&quot;:&quot;px&quot;,&quot;size&quot;:&quot;&quot;,&quot;sizes&quot;:[]}}\" data-widget_type=\"posts.cards\">\n\t\t\t\t<div class=\"elementor-widget-container\">\n\t\t\t\t\t\t\t<div class=\"elementor-posts-container elementor-posts elementor-posts--skin-cards elementor-grid\" role=\"list\">\n\t\t\t\t<article class=\"elementor-post elementor-grid-item post-3749 post type-post status-publish format-standard has-post-thumbnail hentry category-allgemein category-netzwerk-sued category-news tag-dj tag-frauenrechte tag-gleichberechtigung tag-weltfrauentag\" role=\"listitem\">\n\t\t\t<div class=\"elementor-post__card\">\n\t\t\t\t<a class=\"elementor-post__thumbnail__link\" href=\"https:\/\/vjf.at\/netzwerk-sued\/2026\/02\/weltfrauentag\/\" tabindex=\"-1\" ><div class=\"elementor-post__thumbnail\"><img decoding=\"async\" width=\"2048\" height=\"2560\" src=\"https:\/\/vjf.at\/netzwerk-sued\/wp-content\/uploads\/sites\/18\/2026\/02\/Weltfrauentag-2026-scaled.png\" class=\"attachment-full size-full wp-image-3750\" alt=\"\" srcset=\"https:\/\/vjf.at\/netzwerk-sued\/wp-content\/uploads\/sites\/18\/2026\/02\/Weltfrauentag-2026-scaled.png 2048w, https:\/\/vjf.at\/netzwerk-sued\/wp-content\/uploads\/sites\/18\/2026\/02\/Weltfrauentag-2026-240x300.png 240w, https:\/\/vjf.at\/netzwerk-sued\/wp-content\/uploads\/sites\/18\/2026\/02\/Weltfrauentag-2026-400x500.png 400w, https:\/\/vjf.at\/netzwerk-sued\/wp-content\/uploads\/sites\/18\/2026\/02\/Weltfrauentag-2026-768x960.png 768w, https:\/\/vjf.at\/netzwerk-sued\/wp-content\/uploads\/sites\/18\/2026\/02\/Weltfrauentag-2026-1229x1536.png 1229w, https:\/\/vjf.at\/netzwerk-sued\/wp-content\/uploads\/sites\/18\/2026\/02\/Weltfrauentag-2026-1638x2048.png 1638w\" sizes=\"(max-width: 2048px) 100vw, 2048px\" \/><\/div><\/a>\n\t\t\t\t<div class=\"elementor-post__text\">\n\t\t\t\t<h3 class=\"elementor-post__title\">\n\t\t\t<a href=\"https:\/\/vjf.at\/netzwerk-sued\/2026\/02\/weltfrauentag\/\" >\n\t\t\t\tWeltfrauentag\t\t\t<\/a>\n\t\t<\/h3>\n\t\t\t\t<div class=\"elementor-post__excerpt\">\n\t\t\t<p>Starke Frauen. Starke Zukunft.<\/p>\n\t\t<\/div>\n\t\t\n\t\t<a class=\"elementor-post__read-more\" href=\"https:\/\/vjf.at\/netzwerk-sued\/2026\/02\/weltfrauentag\/\" aria-label=\"Mehr \u00fcber Weltfrauentag\" tabindex=\"-1\" >\n\t\t\tWeiterlesen \u00bb\t\t<\/a>\n\n\t\t\t\t<\/div>\n\t\t\t\t\t<\/div>\n\t\t<\/article>\n\t\t\t\t<article class=\"elementor-post elementor-grid-item post-3730 post type-post status-publish format-standard has-post-thumbnail hentry category-allgemein category-netzwerk-sued category-projekte\" role=\"listitem\">\n\t\t\t<div class=\"elementor-post__card\">\n\t\t\t\t<a class=\"elementor-post__thumbnail__link\" href=\"https:\/\/vjf.at\/netzwerk-sued\/2026\/02\/kochen-im-netzwerksued\/\" tabindex=\"-1\" ><div class=\"elementor-post__thumbnail\"><img decoding=\"async\" width=\"1080\" height=\"1350\" src=\"https:\/\/vjf.at\/netzwerk-sued\/wp-content\/uploads\/sites\/18\/2026\/02\/Kochen-im-NWS.png\" class=\"attachment-full size-full wp-image-3731\" alt=\"\" srcset=\"https:\/\/vjf.at\/netzwerk-sued\/wp-content\/uploads\/sites\/18\/2026\/02\/Kochen-im-NWS.png 1080w, https:\/\/vjf.at\/netzwerk-sued\/wp-content\/uploads\/sites\/18\/2026\/02\/Kochen-im-NWS-240x300.png 240w, https:\/\/vjf.at\/netzwerk-sued\/wp-content\/uploads\/sites\/18\/2026\/02\/Kochen-im-NWS-400x500.png 400w, https:\/\/vjf.at\/netzwerk-sued\/wp-content\/uploads\/sites\/18\/2026\/02\/Kochen-im-NWS-768x960.png 768w\" sizes=\"(max-width: 1080px) 100vw, 1080px\" \/><\/div><\/a>\n\t\t\t\t<div class=\"elementor-post__text\">\n\t\t\t\t<h3 class=\"elementor-post__title\">\n\t\t\t<a href=\"https:\/\/vjf.at\/netzwerk-sued\/2026\/02\/kochen-im-netzwerksued\/\" >\n\t\t\t\tKochen im Netzwerks\u00fcd\t\t\t<\/a>\n\t\t<\/h3>\n\t\t\t\t<div class=\"elementor-post__excerpt\">\n\t\t\t\t\t<\/div>\n\t\t\n\t\t<a class=\"elementor-post__read-more\" href=\"https:\/\/vjf.at\/netzwerk-sued\/2026\/02\/kochen-im-netzwerksued\/\" aria-label=\"Mehr \u00fcber Kochen im Netzwerks\u00fcd\" tabindex=\"-1\" >\n\t\t\tWeiterlesen \u00bb\t\t<\/a>\n\n\t\t\t\t<\/div>\n\t\t\t\t\t<\/div>\n\t\t<\/article>\n\t\t\t\t<article class=\"elementor-post elementor-grid-item post-3714 post type-post status-publish format-standard has-post-thumbnail hentry category-allgemein category-netzwerk-sued category-news\" role=\"listitem\">\n\t\t\t<div class=\"elementor-post__card\">\n\t\t\t\t<a class=\"elementor-post__thumbnail__link\" href=\"https:\/\/vjf.at\/netzwerk-sued\/2026\/02\/2-jugendplattform\/\" tabindex=\"-1\" ><div class=\"elementor-post__thumbnail\"><img loading=\"lazy\" decoding=\"async\" width=\"2048\" height=\"2560\" src=\"https:\/\/vjf.at\/netzwerk-sued\/wp-content\/uploads\/sites\/18\/2026\/02\/JUgendplattform-scaled.png\" class=\"attachment-full size-full wp-image-3719\" alt=\"\" srcset=\"https:\/\/vjf.at\/netzwerk-sued\/wp-content\/uploads\/sites\/18\/2026\/02\/JUgendplattform-scaled.png 2048w, https:\/\/vjf.at\/netzwerk-sued\/wp-content\/uploads\/sites\/18\/2026\/02\/JUgendplattform-240x300.png 240w, https:\/\/vjf.at\/netzwerk-sued\/wp-content\/uploads\/sites\/18\/2026\/02\/JUgendplattform-400x500.png 400w, https:\/\/vjf.at\/netzwerk-sued\/wp-content\/uploads\/sites\/18\/2026\/02\/JUgendplattform-768x960.png 768w, https:\/\/vjf.at\/netzwerk-sued\/wp-content\/uploads\/sites\/18\/2026\/02\/JUgendplattform-1229x1536.png 1229w, https:\/\/vjf.at\/netzwerk-sued\/wp-content\/uploads\/sites\/18\/2026\/02\/JUgendplattform-1638x2048.png 1638w\" sizes=\"(max-width: 2048px) 100vw, 2048px\" \/><\/div><\/a>\n\t\t\t\t<div class=\"elementor-post__text\">\n\t\t\t\t<h3 class=\"elementor-post__title\">\n\t\t\t<a href=\"https:\/\/vjf.at\/netzwerk-sued\/2026\/02\/2-jugendplattform\/\" >\n\t\t\t\t2. Jugendplattform\t\t\t<\/a>\n\t\t<\/h3>\n\t\t\t\t<div class=\"elementor-post__excerpt\">\n\t\t\t<p>Am 20.05.2026 findet bereits die 2. Jugendplattform statt! Wir freuen uns auf euer Kommen und einen konstruktiven Austausch.<\/p>\n\t\t<\/div>\n\t\t\n\t\t<a class=\"elementor-post__read-more\" href=\"https:\/\/vjf.at\/netzwerk-sued\/2026\/02\/2-jugendplattform\/\" aria-label=\"Mehr \u00fcber 2. Jugendplattform\" tabindex=\"-1\" >\n\t\t\tWeiterlesen \u00bb\t\t<\/a>\n\n\t\t\t\t<\/div>\n\t\t\t\t\t<\/div>\n\t\t<\/article>\n\t\t\t\t<\/div>\n\t\t\n\t\t\t\t\t\t<\/div>\n\t\t\t\t<\/div>\n\t\t\t\t\t<\/div>\n\t\t\t\t<\/div>\n\t\t<div class=\"elementor-element elementor-element-aa90481 e-flex e-con-boxed e-con e-parent\" data-id=\"aa90481\" data-element_type=\"container\" data-e-type=\"container\">\n\t\t\t\t\t<div class=\"e-con-inner\">\n\t\t<div class=\"elementor-element elementor-element-f4fc708 e-con-full e-flex e-con e-child\" data-id=\"f4fc708\" data-element_type=\"container\" data-e-type=\"container\">\n\t\t\t\t<div class=\"elementor-element elementor-element-ffd7c15 elementor-position-top elementor-widget elementor-widget-image-box\" data-id=\"ffd7c15\" data-element_type=\"widget\" data-e-type=\"widget\" data-widget_type=\"image-box.default\">\n\t\t\t\t<div class=\"elementor-widget-container\">\n\t\t\t\t\t<div class=\"elementor-image-box-wrapper\"><figure class=\"elementor-image-box-img\"><img loading=\"lazy\" decoding=\"async\" width=\"1350\" height=\"1688\" src=\"https:\/\/vjf.at\/netzwerk-sued\/wp-content\/uploads\/sites\/18\/2025\/12\/AUSGEZEICHNET_2.png\" class=\"attachment-full size-full wp-image-3682\" alt=\"\" srcset=\"https:\/\/vjf.at\/netzwerk-sued\/wp-content\/uploads\/sites\/18\/2025\/12\/AUSGEZEICHNET_2.png 1350w, https:\/\/vjf.at\/netzwerk-sued\/wp-content\/uploads\/sites\/18\/2025\/12\/AUSGEZEICHNET_2-240x300.png 240w, https:\/\/vjf.at\/netzwerk-sued\/wp-content\/uploads\/sites\/18\/2025\/12\/AUSGEZEICHNET_2-400x500.png 400w, https:\/\/vjf.at\/netzwerk-sued\/wp-content\/uploads\/sites\/18\/2025\/12\/AUSGEZEICHNET_2-768x960.png 768w, https:\/\/vjf.at\/netzwerk-sued\/wp-content\/uploads\/sites\/18\/2025\/12\/AUSGEZEICHNET_2-1228x1536.png 1228w\" sizes=\"(max-width: 1350px) 100vw, 1350px\" \/><\/figure><div class=\"elementor-image-box-content\"><h3 class=\"elementor-image-box-title\">Ausgezeichnet!<\/h3><p class=\"elementor-image-box-description\">Das NETZWERKs\u00fcd ist mit dem G\u00fctesiegel \"gesundheitskompetente offene Jugendarbeit\" - Level GOLD ausgezeichnet. \n\nDas Team im NETZWERKs\u00fcd legt ein besonderes Augenmerk auf Angebote, die gesundheitsf\u00f6rderlich und nachhaltig sind. \nDen Besuchenden des NETZWERKs\u00fcd, wird \u00fcber Angebote und Projekte Gesundheitskompetenz vermittelt.<\/p><\/div><\/div>\t\t\t\t<\/div>\n\t\t\t\t<\/div>\n\t\t\t\t<\/div>\n\t\t<div class=\"elementor-element elementor-element-b3fdfc1 e-con-full e-flex e-con e-child\" data-id=\"b3fdfc1\" data-element_type=\"container\" data-e-type=\"container\">\n\t\t\t\t<div class=\"elementor-element elementor-element-a378fc8 elementor-widget__width-initial elementor-position-top elementor-widget elementor-widget-image-box\" data-id=\"a378fc8\" data-element_type=\"widget\" data-e-type=\"widget\" data-widget_type=\"image-box.default\">\n\t\t\t\t<div class=\"elementor-widget-container\">\n\t\t\t\t\t<div class=\"elementor-image-box-wrapper\"><figure class=\"elementor-image-box-img\"><a href=\"https:\/\/vjf.at\/netzwerk-sued\/wp-admin\/post.php?post=2669&#038;action=edit\" tabindex=\"-1\"><img loading=\"lazy\" decoding=\"async\" width=\"1536\" height=\"2048\" src=\"https:\/\/vjf.at\/netzwerk-sued\/wp-content\/uploads\/sites\/18\/2021\/12\/20181011_1710571.jpg\" class=\"attachment-full size-full wp-image-2679\" alt=\"\" srcset=\"https:\/\/vjf.at\/netzwerk-sued\/wp-content\/uploads\/sites\/18\/2021\/12\/20181011_1710571.jpg 1536w, https:\/\/vjf.at\/netzwerk-sued\/wp-content\/uploads\/sites\/18\/2021\/12\/20181011_1710571-225x300.jpg 225w, https:\/\/vjf.at\/netzwerk-sued\/wp-content\/uploads\/sites\/18\/2021\/12\/20181011_1710571-375x500.jpg 375w, https:\/\/vjf.at\/netzwerk-sued\/wp-content\/uploads\/sites\/18\/2021\/12\/20181011_1710571-768x1024.jpg 768w, https:\/\/vjf.at\/netzwerk-sued\/wp-content\/uploads\/sites\/18\/2021\/12\/20181011_1710571-300x400.jpg 300w, https:\/\/vjf.at\/netzwerk-sued\/wp-content\/uploads\/sites\/18\/2021\/12\/20181011_1710571-1152x1536.jpg 1152w\" sizes=\"(max-width: 1536px) 100vw, 1536px\" \/><\/a><\/figure><div class=\"elementor-image-box-content\"><h3 class=\"elementor-image-box-title\"><a href=\"https:\/\/vjf.at\/netzwerk-sued\/wp-admin\/post.php?post=2669&#038;action=edit\">Raumvermietung<\/a><\/h3><p class=\"elementor-image-box-description\">F\u00fcr alle, die auf der Suche nach geeigneten R\u00e4umen f\u00fcr:\nFamilienfeiern (Kindergeburtstag),\nprivate Veranstaltungen,\nVereinstreffen, Gruppentreffen,\nSeminare, Workshops, Projekte,\nVortr\u00e4ge sind.\n\nWir stellen unsere R\u00e4ume kosteng\u00fcnstig zur Verf\u00fcgung!\nRaumnutzungsgeb\u00fchr pro Tag: 60\u20ac\n\nInfos und Reservierungen unter:\u00a0 0676\/77 30 368<\/p><\/div><\/div>\t\t\t\t<\/div>\n\t\t\t\t<\/div>\n\t\t\t\t<\/div>\n\t\t<div class=\"elementor-element elementor-element-bf288e0 e-con-full e-flex e-con e-child\" data-id=\"bf288e0\" data-element_type=\"container\" data-e-type=\"container\">\n\t\t\t\t<div class=\"elementor-element elementor-element-7e3fd95 elementor-position-top elementor-widget elementor-widget-image-box\" data-id=\"7e3fd95\" data-element_type=\"widget\" data-e-type=\"widget\" data-widget_type=\"image-box.default\">\n\t\t\t\t<div class=\"elementor-widget-container\">\n\t\t\t\t\t<div class=\"elementor-image-box-wrapper\"><figure class=\"elementor-image-box-img\"><img loading=\"lazy\" decoding=\"async\" width=\"1920\" height=\"2560\" src=\"https:\/\/vjf.at\/netzwerk-sued\/wp-content\/uploads\/sites\/18\/2025\/12\/IMG_9196-scaled.jpg\" class=\"attachment-full size-full wp-image-3685\" alt=\"\" srcset=\"https:\/\/vjf.at\/netzwerk-sued\/wp-content\/uploads\/sites\/18\/2025\/12\/IMG_9196-scaled.jpg 1920w, https:\/\/vjf.at\/netzwerk-sued\/wp-content\/uploads\/sites\/18\/2025\/12\/IMG_9196-225x300.jpg 225w, https:\/\/vjf.at\/netzwerk-sued\/wp-content\/uploads\/sites\/18\/2025\/12\/IMG_9196-375x500.jpg 375w, https:\/\/vjf.at\/netzwerk-sued\/wp-content\/uploads\/sites\/18\/2025\/12\/IMG_9196-768x1024.jpg 768w, https:\/\/vjf.at\/netzwerk-sued\/wp-content\/uploads\/sites\/18\/2025\/12\/IMG_9196-300x400.jpg 300w, https:\/\/vjf.at\/netzwerk-sued\/wp-content\/uploads\/sites\/18\/2025\/12\/IMG_9196-1152x1536.jpg 1152w, https:\/\/vjf.at\/netzwerk-sued\/wp-content\/uploads\/sites\/18\/2025\/12\/IMG_9196-1536x2048.jpg 1536w\" sizes=\"(max-width: 1920px) 100vw, 1920px\" \/><\/figure><div class=\"elementor-image-box-content\"><h3 class=\"elementor-image-box-title\">Nachbarschaftsfest<\/h3><p class=\"elementor-image-box-description\">Jedes Jahr im September findet vor dem NETZWERKs\u00fcd das gro\u00dfe Nachbarschaftsfest statt. Musik, Speisen, Getr\u00e4nke, tolles Kinderprogramm sowie Kaffee und Kuchen, laden zum gemeinsamen Zeit verbringen, Austausch und Kennenlernen ein. \n<\/p><\/div><\/div>\t\t\t\t<\/div>\n\t\t\t\t<\/div>\n\t\t\t\t<\/div>\n\t\t\t\t\t<\/div>\n\t\t\t\t<\/div>\n\t\t<div class=\"elementor-element elementor-element-12cdcc09 e-con-full e-flex e-con e-parent\" data-id=\"12cdcc09\" data-element_type=\"container\" data-e-type=\"container\">\n\t\t<div class=\"elementor-element elementor-element-6500cb78 e-con-full e-flex e-con e-child\" data-id=\"6500cb78\" data-element_type=\"container\" data-e-type=\"container\">\n\t\t\t\t<div class=\"elementor-element elementor-element-7d5399d1 elementor-widget elementor-widget-heading\" data-id=\"7d5399d1\" data-element_type=\"widget\" data-e-type=\"widget\" data-widget_type=\"heading.default\">\n\t\t\t\t<div class=\"elementor-widget-container\">\n\t\t\t\t\t<h1 class=\"elementor-heading-title elementor-size-default\">F\u00fcr wen ist das NETZWERKs\u00fcd<\/h1>\t\t\t\t<\/div>\n\t\t\t\t<\/div>\n\t\t\t\t<div class=\"elementor-element elementor-element-742122c3 elementor-widget elementor-widget-text-editor\" data-id=\"742122c3\" data-element_type=\"widget\" data-e-type=\"widget\" data-widget_type=\"text-editor.default\">\n\t\t\t\t<div class=\"elementor-widget-container\">\n\t\t\t\t\t\t\t\t\t<p>Das NETZWERKs\u00fcd im Stadtteil Neue Heimat\/ ZDF verbindet die Angebote offene Jugendarbeit, Streetwork und TEENIEarbeit des Vereins Jugend &amp; Freizeit und bietet in Kooperation mit verschiedenen Partner*innen Angebote im Bereich Beratung und Bildung f\u00fcr Erwachsene an. Das NETZWERK s\u00fcd ist f\u00fcr Besucherinnen und Besucher unterschiedlichen Alters und verschiedener Bed\u00fcrfnisse.<\/p><p>Das NETZWERKs\u00fcd ist ein Ort, an dem sich Bewohnerinnen und Bewohner des Stadtteils treffen, kennen lernen, austauschen und vernetzen k\u00f6nnen.<\/p><p>Menschen k\u00f6nnen im NETZWERKs\u00fcd gemeinsam Zeit verbringen, Wissen aneignen, Erfahrungen sammeln, miteinander und voneinander lernen.<\/p>\t\t\t\t\t\t\t\t<\/div>\n\t\t\t\t<\/div>\n\t\t\t\t<div class=\"elementor-element elementor-element-21a9610a elementor-widget elementor-widget-heading\" data-id=\"21a9610a\" data-element_type=\"widget\" data-e-type=\"widget\" data-widget_type=\"heading.default\">\n\t\t\t\t<div class=\"elementor-widget-container\">\n\t\t\t\t\t<h2 class=\"elementor-heading-title elementor-size-default\">\u00d6ffnungszeiten:<\/h2>\t\t\t\t<\/div>\n\t\t\t\t<\/div>\n\t\t\t\t<div class=\"elementor-element elementor-element-6f381dc9 elementor-widget elementor-widget-text-editor\" data-id=\"6f381dc9\" data-element_type=\"widget\" data-e-type=\"widget\" data-widget_type=\"text-editor.default\">\n\t\t\t\t<div class=\"elementor-widget-container\">\n\t\t\t\t\t\t\t\t\t<p><strong><a href=\"https:\/\/vjf.at\/teenieclub\">Der TEENIEclub<\/a> (8-12 Jahre):<\/strong><\/p><p>Montag: 15.00 \u2013 19.00, Mittwoch: 15.00 \u2013 19.30, Freitag: 15.00 \u2013 19.30<\/p><p><strong><a href=\"https:\/\/vjf.at\/baustelle\">Jugendberatung BAUSTELLE<\/a> (12-18 Jahre):<\/strong><\/p><p>Dienstag- Freitag: 14.00-20.00<br \/>Samstag:(nur in ungeraden Wochen) 14.00-20.00<\/p><p><strong><a href=\"https:\/\/vjf.at\/streetworklinzsued\">Streetwork Linz-S\u00fcd<\/a> (12-24 Jahre):<\/strong><\/p><p class=\"has-text-color\">Dienstag: 10.00-12.00, Mittwoch: 14.00-16.00, Donnerstag: 16.00-18.00<\/p>\t\t\t\t\t\t\t\t<\/div>\n\t\t\t\t<\/div>\n\t\t\t\t<\/div>\n\t\t<div class=\"elementor-element elementor-element-52b4caa6 e-con-full e-flex e-con e-child\" data-id=\"52b4caa6\" data-element_type=\"container\" data-e-type=\"container\" data-settings=\"{&quot;background_background&quot;:&quot;classic&quot;}\">\n\t\t\t\t<div class=\"elementor-element elementor-element-3c8c833c elementor-widget__width-initial elementor-widget elementor-widget-image\" data-id=\"3c8c833c\" data-element_type=\"widget\" data-e-type=\"widget\" data-widget_type=\"image.default\">\n\t\t\t\t<div class=\"elementor-widget-container\">\n\t\t\t\t\t\t\t\t\t\t\t\t\t\t\t<img loading=\"lazy\" decoding=\"async\" width=\"2048\" height=\"1367\" src=\"https:\/\/vjf.at\/netzwerk-sued\/wp-content\/uploads\/sites\/18\/2021\/12\/portrait-three-friends.jpg\" class=\"attachment-full size-full wp-image-2742\" alt=\"\" srcset=\"https:\/\/vjf.at\/netzwerk-sued\/wp-content\/uploads\/sites\/18\/2021\/12\/portrait-three-friends.jpg 2048w, https:\/\/vjf.at\/netzwerk-sued\/wp-content\/uploads\/sites\/18\/2021\/12\/portrait-three-friends-300x200.jpg 300w, https:\/\/vjf.at\/netzwerk-sued\/wp-content\/uploads\/sites\/18\/2021\/12\/portrait-three-friends-500x334.jpg 500w, https:\/\/vjf.at\/netzwerk-sued\/wp-content\/uploads\/sites\/18\/2021\/12\/portrait-three-friends-768x513.jpg 768w, https:\/\/vjf.at\/netzwerk-sued\/wp-content\/uploads\/sites\/18\/2021\/12\/portrait-three-friends-391x260.jpg 391w, https:\/\/vjf.at\/netzwerk-sued\/wp-content\/uploads\/sites\/18\/2021\/12\/portrait-three-friends-1536x1025.jpg 1536w\" sizes=\"(max-width: 2048px) 100vw, 2048px\" \/>\t\t\t\t\t\t\t\t\t\t\t\t\t\t\t<\/div>\n\t\t\t\t<\/div>\n\t\t\t\t<\/div>\n\t\t\t\t<\/div>\n\t\t<div class=\"elementor-element elementor-element-1dceb72c e-flex e-con-boxed e-con e-parent\" data-id=\"1dceb72c\" data-element_type=\"container\" data-e-type=\"container\">\n\t\t\t\t\t<div class=\"e-con-inner\">\n\t\t<div class=\"elementor-element elementor-element-1b15651b e-con-full e-flex e-con e-child\" data-id=\"1b15651b\" data-element_type=\"container\" data-e-type=\"container\">\n\t\t\t\t<div class=\"elementor-element elementor-element-698a81c7 elementor-widget elementor-widget-image\" data-id=\"698a81c7\" data-element_type=\"widget\" data-e-type=\"widget\" data-widget_type=\"image.default\">\n\t\t\t\t<div class=\"elementor-widget-container\">\n\t\t\t\t\t\t\t\t\t\t\t\t\t\t\t<img loading=\"lazy\" decoding=\"async\" width=\"500\" height=\"500\" src=\"https:\/\/vjf.at\/netzwerk-sued\/wp-content\/uploads\/sites\/18\/2025\/10\/high-angle-view-girl-drawing-paper-500x500.jpg\" class=\"attachment-large size-large wp-image-3583\" alt=\"\" srcset=\"https:\/\/vjf.at\/netzwerk-sued\/wp-content\/uploads\/sites\/18\/2025\/10\/high-angle-view-girl-drawing-paper-500x500.jpg 500w, https:\/\/vjf.at\/netzwerk-sued\/wp-content\/uploads\/sites\/18\/2025\/10\/high-angle-view-girl-drawing-paper-300x300.jpg 300w, https:\/\/vjf.at\/netzwerk-sued\/wp-content\/uploads\/sites\/18\/2025\/10\/high-angle-view-girl-drawing-paper-150x150.jpg 150w, https:\/\/vjf.at\/netzwerk-sued\/wp-content\/uploads\/sites\/18\/2025\/10\/high-angle-view-girl-drawing-paper-768x770.jpg 768w, https:\/\/vjf.at\/netzwerk-sued\/wp-content\/uploads\/sites\/18\/2025\/10\/high-angle-view-girl-drawing-paper.jpg 1500w\" sizes=\"(max-width: 500px) 100vw, 500px\" \/>\t\t\t\t\t\t\t\t\t\t\t\t\t\t\t<\/div>\n\t\t\t\t<\/div>\n\t\t\t\t<\/div>\n\t\t<div class=\"elementor-element elementor-element-6d33ec09 e-con-full e-flex e-con e-child\" data-id=\"6d33ec09\" data-element_type=\"container\" data-e-type=\"container\">\n\t\t\t\t<div class=\"elementor-element elementor-element-2ce1b128 elementor-widget elementor-widget-heading\" data-id=\"2ce1b128\" data-element_type=\"widget\" data-e-type=\"widget\" data-widget_type=\"heading.default\">\n\t\t\t\t<div class=\"elementor-widget-container\">\n\t\t\t\t\t<h2 class=\"elementor-heading-title elementor-size-default\">TEENIEclub, Jugendzentrum, Streetwork im NETZWERKs\u00fcd<\/h2>\t\t\t\t<\/div>\n\t\t\t\t<\/div>\n\t\t\t\t<\/div>\n\t\t\t\t\t<\/div>\n\t\t\t\t<\/div>\n\t\t<div class=\"elementor-element elementor-element-2a04ad5 e-flex e-con-boxed e-con e-parent\" data-id=\"2a04ad5\" data-element_type=\"container\" data-e-type=\"container\">\n\t\t\t\t\t<div class=\"e-con-inner\">\n\t\t\t\t<div class=\"elementor-element elementor-element-f73249e elementor-widget elementor-widget-text-editor\" data-id=\"f73249e\" data-element_type=\"widget\" data-e-type=\"widget\" data-widget_type=\"text-editor.default\">\n\t\t\t\t<div class=\"elementor-widget-container\">\n\t\t\t\t\t\t\t\t\t<p>F\u00fcr alle 8-12 j\u00e4hrigen gibt es den <a href=\"http:\/\/www.vjf.at\/teenieclub\">TEENIEclub.<\/a> In den TEENIEclubs erwartet euch ein abwechslungsreiches, buntes und spannendes Programm. Kochen, basteln, spielen, reden, toben \u2013 kurz: einfach Spa\u00df haben!\u00a0<\/p><p>Alle 12-18 j\u00e4hrigen sind in der <a href=\"https:\/\/vjf.at\/baustelle\">Jugendberatung BAUSTELLE<\/a> herzlich willkommen. In der BAUSTELLE kannst du Freunde treffen und mit ihnen gemeinsam chillen, kochen, sporteln, spielen\/ gamen und Vieles mehr. Wenn du einfach nur abh\u00e4ngen und deine Ruhe haben m\u00f6chtest, findest du bestimmt ein nettes Pl\u00e4tzchen.<\/p><p><a href=\"https:\/\/vjf.at\/streetworklinzsued\">Streetwork Linz-S\u00fcd<\/a> ist im Stadtteil Neue Heimat \/ Z\u00f6hrdorferfeld untwerwegs und bieten Unterst\u00fctzung in besonderen Lebenslagen an. Die Angebote sind anonym, vertraulich, freiwillig und kostenlos. Unsere Anlaufstelle ist im NETZWERKs\u00fcd, in der Matth\u00e4us- Herzog- Stra\u00dfe 7.\u00a0<\/p>\t\t\t\t\t\t\t\t<\/div>\n\t\t\t\t<\/div>\n\t\t\t\t\t<\/div>\n\t\t\t\t<\/div>\n\t\t<div class=\"elementor-element elementor-element-37a1f62b e-flex e-con-boxed e-con e-parent\" data-id=\"37a1f62b\" data-element_type=\"container\" data-e-type=\"container\">\n\t\t\t\t\t<div class=\"e-con-inner\">\n\t\t<div class=\"elementor-element elementor-element-579eac48 e-con-full e-flex e-con e-child\" data-id=\"579eac48\" data-element_type=\"container\" data-e-type=\"container\">\n\t\t\t\t<div class=\"elementor-element elementor-element-2c51e362 elementor-widget elementor-widget-heading\" data-id=\"2c51e362\" data-element_type=\"widget\" data-e-type=\"widget\" data-widget_type=\"heading.default\">\n\t\t\t\t<div class=\"elementor-widget-container\">\n\t\t\t\t\t<h2 class=\"elementor-heading-title elementor-size-default\">Angebote im NETZWERKs\u00fcd<\/h2>\t\t\t\t<\/div>\n\t\t\t\t<\/div>\n\t\t\t\t<div class=\"elementor-element elementor-element-a185d74 elementor-grid-4 elementor-grid-tablet-2 elementor-grid-mobile-1 elementor-posts--thumbnail-top elementor-card-shadow-yes elementor-posts__hover-gradient elementor-widget elementor-widget-posts\" data-id=\"a185d74\" data-element_type=\"widget\" data-e-type=\"widget\" data-settings=\"{&quot;cards_columns&quot;:&quot;4&quot;,&quot;cards_columns_tablet&quot;:&quot;2&quot;,&quot;cards_columns_mobile&quot;:&quot;1&quot;,&quot;cards_row_gap&quot;:{&quot;unit&quot;:&quot;px&quot;,&quot;size&quot;:35,&quot;sizes&quot;:[]},&quot;cards_row_gap_tablet&quot;:{&quot;unit&quot;:&quot;px&quot;,&quot;size&quot;:&quot;&quot;,&quot;sizes&quot;:[]},&quot;cards_row_gap_mobile&quot;:{&quot;unit&quot;:&quot;px&quot;,&quot;size&quot;:&quot;&quot;,&quot;sizes&quot;:[]}}\" data-widget_type=\"posts.cards\">\n\t\t\t\t<div class=\"elementor-widget-container\">\n\t\t\t\t\t\t\t<div class=\"elementor-posts-container elementor-posts elementor-posts--skin-cards elementor-grid\" role=\"list\">\n\t\t\t\t<article class=\"elementor-post elementor-grid-item post-2669 post type-post status-publish format-standard has-post-thumbnail hentry category-rooms\" role=\"listitem\">\n\t\t\t<div class=\"elementor-post__card\">\n\t\t\t\t<a class=\"elementor-post__thumbnail__link\" href=\"https:\/\/vjf.at\/netzwerk-sued\/2021\/12\/raeume-fuer-dein-event\/\" tabindex=\"-1\" ><div class=\"elementor-post__thumbnail\"><img loading=\"lazy\" decoding=\"async\" width=\"1600\" height=\"1200\" src=\"https:\/\/vjf.at\/netzwerk-sued\/wp-content\/uploads\/sites\/18\/2022\/01\/a7de6082-ad25-4b5b-8251-46ab3208677b-e1642418083928.jpg\" class=\"attachment-full size-full wp-image-2824\" alt=\"\" srcset=\"https:\/\/vjf.at\/netzwerk-sued\/wp-content\/uploads\/sites\/18\/2022\/01\/a7de6082-ad25-4b5b-8251-46ab3208677b-e1642418083928.jpg 1600w, https:\/\/vjf.at\/netzwerk-sued\/wp-content\/uploads\/sites\/18\/2022\/01\/a7de6082-ad25-4b5b-8251-46ab3208677b-e1642418083928-300x225.jpg 300w, https:\/\/vjf.at\/netzwerk-sued\/wp-content\/uploads\/sites\/18\/2022\/01\/a7de6082-ad25-4b5b-8251-46ab3208677b-e1642418083928-500x375.jpg 500w, https:\/\/vjf.at\/netzwerk-sued\/wp-content\/uploads\/sites\/18\/2022\/01\/a7de6082-ad25-4b5b-8251-46ab3208677b-e1642418083928-768x576.jpg 768w, https:\/\/vjf.at\/netzwerk-sued\/wp-content\/uploads\/sites\/18\/2022\/01\/a7de6082-ad25-4b5b-8251-46ab3208677b-e1642418083928-1536x1152.jpg 1536w\" sizes=\"(max-width: 1600px) 100vw, 1600px\" \/><\/div><\/a>\n\t\t\t\t<div class=\"elementor-post__text\">\n\t\t\t\t<h3 class=\"elementor-post__title\">\n\t\t\t<a href=\"https:\/\/vjf.at\/netzwerk-sued\/2021\/12\/raeume-fuer-dein-event\/\" >\n\t\t\t\tR\u00e4ume f\u00fcr dein EVENT!\t\t\t<\/a>\n\t\t<\/h3>\n\t\t\t\t<div class=\"elementor-post__excerpt\">\n\t\t\t<p>F\u00fcr alle, die auf der Suche nach geeigneten R\u00e4umen f\u00fcr:Familienfeiern (Kindergeburtstag),private Veranstaltungen,Vereinstreffen, Gruppentreffen,Seminare, Workshops, Projekte,Vortr\u00e4ge sind. Wir stellen unsere R\u00e4ume kosteng\u00fcnstig zur Verf\u00fcgung!Raumnutzungsgeb\u00fchr pro Tag:<\/p>\n\t\t<\/div>\n\t\t\n\t\t<a class=\"elementor-post__read-more\" href=\"https:\/\/vjf.at\/netzwerk-sued\/2021\/12\/raeume-fuer-dein-event\/\" aria-label=\"Mehr \u00fcber R\u00e4ume f\u00fcr dein EVENT!\" tabindex=\"-1\" >\n\t\t\tWeiterlesen \u00bb\t\t<\/a>\n\n\t\t\t\t<\/div>\n\t\t\t\t\t<\/div>\n\t\t<\/article>\n\t\t\t\t<article class=\"elementor-post elementor-grid-item post-2691 post type-post status-publish format-standard has-post-thumbnail hentry category-rooms\" role=\"listitem\">\n\t\t\t<div class=\"elementor-post__card\">\n\t\t\t\t<a class=\"elementor-post__thumbnail__link\" href=\"https:\/\/vjf.at\/netzwerk-sued\/2021\/12\/unser-tonstudio\/\" tabindex=\"-1\" ><div class=\"elementor-post__thumbnail\"><img loading=\"lazy\" decoding=\"async\" width=\"1920\" height=\"1280\" src=\"https:\/\/vjf.at\/netzwerk-sued\/wp-content\/uploads\/sites\/18\/2017\/02\/mixer-226176_1920.jpg\" class=\"attachment-full size-full wp-image-1172\" alt=\"\" srcset=\"https:\/\/vjf.at\/netzwerk-sued\/wp-content\/uploads\/sites\/18\/2017\/02\/mixer-226176_1920.jpg 1920w, https:\/\/vjf.at\/netzwerk-sued\/wp-content\/uploads\/sites\/18\/2017\/02\/mixer-226176_1920-300x200.jpg 300w, https:\/\/vjf.at\/netzwerk-sued\/wp-content\/uploads\/sites\/18\/2017\/02\/mixer-226176_1920-768x512.jpg 768w, https:\/\/vjf.at\/netzwerk-sued\/wp-content\/uploads\/sites\/18\/2017\/02\/mixer-226176_1920-1024x683.jpg 1024w\" sizes=\"(max-width: 1920px) 100vw, 1920px\" \/><\/div><\/a>\n\t\t\t\t<div class=\"elementor-post__text\">\n\t\t\t\t<h3 class=\"elementor-post__title\">\n\t\t\t<a href=\"https:\/\/vjf.at\/netzwerk-sued\/2021\/12\/unser-tonstudio\/\" >\n\t\t\t\tunser TONSTUDIO\t\t\t<\/a>\n\t\t<\/h3>\n\t\t\t\t<div class=\"elementor-post__excerpt\">\n\t\t\t<p>Im NETZWERKs\u00fcd steht ein toll ausgestattetes Tonstudio f\u00fcr euch bereit. Hier k\u00f6nnt ihr Beats und Sounds produzieren, Texte einsingen, mastern, sampeln, aufnehmen usw. Wir haben<\/p>\n\t\t<\/div>\n\t\t\n\t\t<a class=\"elementor-post__read-more\" href=\"https:\/\/vjf.at\/netzwerk-sued\/2021\/12\/unser-tonstudio\/\" aria-label=\"Mehr \u00fcber unser TONSTUDIO\" tabindex=\"-1\" >\n\t\t\tWeiterlesen \u00bb\t\t<\/a>\n\n\t\t\t\t<\/div>\n\t\t\t\t\t<\/div>\n\t\t<\/article>\n\t\t\t\t<article class=\"elementor-post elementor-grid-item post-2695 post type-post status-publish format-standard hentry category-rooms\" role=\"listitem\">\n\t\t\t<div class=\"elementor-post__card\">\n\t\t\t\t<div class=\"elementor-post__text\">\n\t\t\t\t<h3 class=\"elementor-post__title\">\n\t\t\t<a href=\"https:\/\/vjf.at\/netzwerk-sued\/2021\/12\/mama-lernt-deutsch\/\" >\n\t\t\t\tMama lernt Deutsch\t\t\t<\/a>\n\t\t<\/h3>\n\t\t\t\t<div class=\"elementor-post__excerpt\">\n\t\t\t<p>F\u00fcr alle Frauen die gerne Deutsch lernen m\u00f6chten. Bietet das Institut f\u00fcr interkulturelle P\u00e4dagogik der Volkshochschule O\u00d6,im NETZWERK s\u00fcd die Kursreihe &#8222;Mama lernt Deutsch&#8220; an.<\/p>\n\t\t<\/div>\n\t\t\n\t\t<a class=\"elementor-post__read-more\" href=\"https:\/\/vjf.at\/netzwerk-sued\/2021\/12\/mama-lernt-deutsch\/\" aria-label=\"Mehr \u00fcber Mama lernt Deutsch\" tabindex=\"-1\" >\n\t\t\tWeiterlesen \u00bb\t\t<\/a>\n\n\t\t\t\t<\/div>\n\t\t\t\t\t<\/div>\n\t\t<\/article>\n\t\t\t\t<article class=\"elementor-post elementor-grid-item post-3079 post type-post status-publish format-standard has-post-thumbnail hentry category-rooms\" role=\"listitem\">\n\t\t\t<div class=\"elementor-post__card\">\n\t\t\t\t<a class=\"elementor-post__thumbnail__link\" href=\"https:\/\/vjf.at\/netzwerk-sued\/2023\/06\/fahrradwerkstatt-im-netzwerksued\/\" tabindex=\"-1\" ><div class=\"elementor-post__thumbnail\"><img loading=\"lazy\" decoding=\"async\" width=\"1196\" height=\"1299\" src=\"https:\/\/vjf.at\/netzwerk-sued\/wp-content\/uploads\/sites\/18\/2023\/06\/Kooperative-Fahrradwerkstatt-bikeok-Flyer-Eroeffnung-2.png\" class=\"attachment-full size-full wp-image-3061\" alt=\"\" srcset=\"https:\/\/vjf.at\/netzwerk-sued\/wp-content\/uploads\/sites\/18\/2023\/06\/Kooperative-Fahrradwerkstatt-bikeok-Flyer-Eroeffnung-2.png 1196w, https:\/\/vjf.at\/netzwerk-sued\/wp-content\/uploads\/sites\/18\/2023\/06\/Kooperative-Fahrradwerkstatt-bikeok-Flyer-Eroeffnung-2-276x300.png 276w, https:\/\/vjf.at\/netzwerk-sued\/wp-content\/uploads\/sites\/18\/2023\/06\/Kooperative-Fahrradwerkstatt-bikeok-Flyer-Eroeffnung-2-460x500.png 460w, https:\/\/vjf.at\/netzwerk-sued\/wp-content\/uploads\/sites\/18\/2023\/06\/Kooperative-Fahrradwerkstatt-bikeok-Flyer-Eroeffnung-2-768x834.png 768w\" sizes=\"(max-width: 1196px) 100vw, 1196px\" \/><\/div><\/a>\n\t\t\t\t<div class=\"elementor-post__text\">\n\t\t\t\t<h3 class=\"elementor-post__title\">\n\t\t\t<a href=\"https:\/\/vjf.at\/netzwerk-sued\/2023\/06\/fahrradwerkstatt-im-netzwerksued\/\" >\n\t\t\t\tFAHRRADWERKSTATT im NETZWERKs\u00fcd\t\t\t<\/a>\n\t\t<\/h3>\n\t\t\t\t<div class=\"elementor-post__excerpt\">\n\t\t\t<p>Du bist zwischen 12 und 25 Jahren und brauchst ein Service fu\u0308r dein Fahrrad?Wir haben eine Fahrradwerkstatt im NETZWERKs\u00fcd. Wir bringen gemeinsam dein Fahrrad auf<\/p>\n\t\t<\/div>\n\t\t\n\t\t<a class=\"elementor-post__read-more\" href=\"https:\/\/vjf.at\/netzwerk-sued\/2023\/06\/fahrradwerkstatt-im-netzwerksued\/\" aria-label=\"Mehr \u00fcber FAHRRADWERKSTATT im NETZWERKs\u00fcd\" tabindex=\"-1\" >\n\t\t\tWeiterlesen \u00bb\t\t<\/a>\n\n\t\t\t\t<\/div>\n\t\t\t\t\t<\/div>\n\t\t<\/article>\n\t\t\t\t<\/div>\n\t\t\n\t\t\t\t\t\t<\/div>\n\t\t\t\t<\/div>\n\t\t\t\t<\/div>\n\t\t\t\t\t<\/div>\n\t\t\t\t<\/div>\n\t\t<div class=\"elementor-element elementor-element-28f3e8cd e-con-full e-flex e-con e-parent\" data-id=\"28f3e8cd\" data-element_type=\"container\" data-e-type=\"container\">\n\t\t<div class=\"elementor-element elementor-element-201fed0 e-con-full e-flex e-con e-child\" data-id=\"201fed0\" data-element_type=\"container\" data-e-type=\"container\" data-settings=\"{&quot;background_background&quot;:&quot;classic&quot;}\">\n\t\t\t\t<div class=\"elementor-element elementor-element-0dce5d6 elementor-widget elementor-widget-heading\" data-id=\"0dce5d6\" data-element_type=\"widget\" data-e-type=\"widget\" data-widget_type=\"heading.default\">\n\t\t\t\t<div class=\"elementor-widget-container\">\n\t\t\t\t\t<h4 class=\"elementor-heading-title elementor-size-default\">BERATUNG\nim NETZWERK s\u00fcd<\/h4>\t\t\t\t<\/div>\n\t\t\t\t<\/div>\n\t\t\t\t<div class=\"elementor-element elementor-element-63899e8 elementor-widget-tablet__width-initial elementor-widget elementor-widget-text-editor\" data-id=\"63899e8\" data-element_type=\"widget\" data-e-type=\"widget\" data-widget_type=\"text-editor.default\">\n\t\t\t\t<div class=\"elementor-widget-container\">\n\t\t\t\t\t\t\t\t\t<p><strong>Hilfe in Krisensituationen:<\/strong><br \/>Dir geht es nicht gut? Du f\u00fchlst dich in der Schule oder in anderen Situationen unfair behandelt oder hast Stress in der Schule oder mit deinen Eltern oder Freunden? Komm zu uns. Mit uns kannst du vertraulich sprechen und wir h\u00f6ren uns deine Sorgen an.<\/p><p>\u00a0<strong>Familienberatungsstelle:<\/strong><br \/>Im NETZWERKs\u00fcd befindet sich auch eine Familienberatungsstelle.<\/p><p><strong>unsere Beratungszeiten in der Familienberatungsstelle:<\/strong><\/p><p>Dienstag: 12:00-16:00<\/p><p>Mittwoch: 13:00 \u2013 16:00<\/p><p>Donnerstag: 13:00 \u2013 16:00<\/p><p>Dieses Angebot ist niederschwellig, anonym und kostenlos.<\/p>\t\t\t\t\t\t\t\t<\/div>\n\t\t\t\t<\/div>\n\t\t\t\t<\/div>\n\t\t<div class=\"elementor-element elementor-element-1f11e85 e-con-full e-flex e-con e-child\" data-id=\"1f11e85\" data-element_type=\"container\" data-e-type=\"container\" data-settings=\"{&quot;background_background&quot;:&quot;classic&quot;}\">\n\t\t\t\t<div class=\"elementor-element elementor-element-0ee7c7c elementor-widget elementor-widget-image\" data-id=\"0ee7c7c\" data-element_type=\"widget\" data-e-type=\"widget\" data-widget_type=\"image.default\">\n\t\t\t\t<div class=\"elementor-widget-container\">\n\t\t\t\t\t\t\t\t\t\t\t\t\t\t\t<img loading=\"lazy\" decoding=\"async\" width=\"1668\" height=\"1306\" src=\"https:\/\/vjf.at\/netzwerk-sued\/wp-content\/uploads\/sites\/18\/2025\/11\/cheerful-students-posing-bench-scaled-e1762870283445.jpg\" class=\"attachment-full size-full wp-image-3618\" alt=\"\" srcset=\"https:\/\/vjf.at\/netzwerk-sued\/wp-content\/uploads\/sites\/18\/2025\/11\/cheerful-students-posing-bench-scaled-e1762870283445.jpg 1668w, https:\/\/vjf.at\/netzwerk-sued\/wp-content\/uploads\/sites\/18\/2025\/11\/cheerful-students-posing-bench-scaled-e1762870283445-300x235.jpg 300w, https:\/\/vjf.at\/netzwerk-sued\/wp-content\/uploads\/sites\/18\/2025\/11\/cheerful-students-posing-bench-scaled-e1762870283445-500x391.jpg 500w, https:\/\/vjf.at\/netzwerk-sued\/wp-content\/uploads\/sites\/18\/2025\/11\/cheerful-students-posing-bench-scaled-e1762870283445-768x601.jpg 768w, https:\/\/vjf.at\/netzwerk-sued\/wp-content\/uploads\/sites\/18\/2025\/11\/cheerful-students-posing-bench-scaled-e1762870283445-1536x1203.jpg 1536w\" sizes=\"(max-width: 1668px) 100vw, 1668px\" \/>\t\t\t\t\t\t\t\t\t\t\t\t\t\t\t<\/div>\n\t\t\t\t<\/div>\n\t\t\t\t<\/div>\n\t\t\t\t<\/div>\n\t\t<div class=\"elementor-element elementor-element-5092e0c e-flex e-con-boxed e-con e-parent\" data-id=\"5092e0c\" data-element_type=\"container\" data-e-type=\"container\" data-settings=\"{&quot;background_background&quot;:&quot;classic&quot;}\">\n\t\t\t\t\t<div class=\"e-con-inner\">\n\t\t<div class=\"elementor-element elementor-element-32e0d92 e-con-full e-flex e-con e-child\" data-id=\"32e0d92\" data-element_type=\"container\" data-e-type=\"container\" data-settings=\"{&quot;background_background&quot;:&quot;classic&quot;}\">\n\t\t\t\t<div class=\"elementor-element elementor-element-c15e281 elementor-widget elementor-widget-heading\" data-id=\"c15e281\" data-element_type=\"widget\" data-e-type=\"widget\" data-widget_type=\"heading.default\">\n\t\t\t\t<div class=\"elementor-widget-container\">\n\t\t\t\t\t<h2 class=\"elementor-heading-title elementor-size-default\">Veranstaltungen im NETZWERKs\u00fcd<\/h2>\t\t\t\t<\/div>\n\t\t\t\t<\/div>\n\t\t\t\t<div class=\"elementor-element elementor-element-0beb23a elementor-widget elementor-widget-MEC\" data-id=\"0beb23a\" data-element_type=\"widget\" data-e-type=\"widget\" data-widget_type=\"MEC.default\">\n\t\t\t\t<div class=\"elementor-widget-container\">\n\t\t\t\t\t<div id=\"mec_skin_2847\" class=\"mec-wrap colorskin-custom  \">\r\n\r\n    \r\n    <div class=\"mec-calendar mec-calendar-daily mec-calendar-weekly\">\r\n                <div class=\"mec-skin-weekly-view-month-navigator-container mec-calendar-a-month mec-clear\">\r\n            <div class=\"mec-month-navigator\" id=\"mec_month_navigator2847_202604\"><h4 class=\"mec-month-label\">2026 April<\/h4><div class=\"mec-next-month mec-load-month mec-color\" data-mec-year=\"2026\" data-mec-month=\"05\"><a href=\"#\" class=\"mec-load-month-link\"><i class=\"mec-sl-angle-right\"><\/i><\/a><\/div><\/div>\r\n        <\/div>\r\n        \r\n        <div class=\"mec-skin-weekly-view-events-container\" id=\"mec_skin_events_2847\">\r\n            <div class=\"mec-month-container\" id=\"mec_weekly_view_month_2847_202604\">\r\n                <div class=\"mec-calendar-d-top\"><div class=\"mec-previous-month mec-load-week mec-color\" href=\"#\"><i class=\"mec-sl-angle-left\"><\/i><\/div><div class=\"mec-next-month mec-load-week mec-color\" href=\"#\"><i class=\"mec-sl-angle-right\"><\/i><\/div><h3 class=\"mec-current-week\">Woche <span>5<\/span><\/h3><\/div><div class=\"mec-weeks-container mec-calendar-d-table\"><dl class=\"mec-weekly-view-week\" id=\"mec_weekly_view_week_2847_2026041\" data-week-id=\"2026041\" data-week-number=\"1\" data-max-weeks=\"5\"><dt data-events-count=\"1\" class=\"\"><span class=\"mec-weekly-view-weekday\">Mo.<\/span> <span class=\"mec-weekly-view-monthday\">30<\/span> <\/dt><dt data-events-count=\"3\" class=\"\"><span class=\"mec-weekly-view-weekday\">Di.<\/span> <span class=\"mec-weekly-view-monthday\">31<\/span> <\/dt><dt data-events-count=\"1\" class=\"\"><span class=\"mec-weekly-view-weekday\">Mi.<\/span> <span class=\"mec-weekly-view-monthday\">1<\/span> <\/dt><dt data-events-count=\"0\" class=\"mec-weekly-disabled mec-table-nullday\"><span class=\"mec-weekly-view-weekday\">Do.<\/span> <span class=\"mec-weekly-view-monthday\">2<\/span> <\/dt><dt data-events-count=\"1\" class=\"\"><span class=\"mec-weekly-view-weekday\">Fr.<\/span> <span class=\"mec-weekly-view-monthday\">3<\/span> <\/dt><dt data-events-count=\"0\" class=\"mec-weekly-disabled mec-table-nullday\"><span class=\"mec-weekly-view-weekday\">Sa.<\/span> <span class=\"mec-weekly-view-monthday\">4<\/span> <\/dt><dt data-events-count=\"0\" class=\"mec-weekly-disabled mec-table-nullday\"><span class=\"mec-weekly-view-weekday\">So.<\/span> <span class=\"mec-weekly-view-monthday\">5<\/span> <\/dt><\/dl><dl class=\"mec-weekly-view-week\" id=\"mec_weekly_view_week_2847_2026042\" data-week-id=\"2026042\" data-week-number=\"2\" data-max-weeks=\"5\"><dt data-events-count=\"1\" class=\"\"><span class=\"mec-weekly-view-weekday\">Mo.<\/span> <span class=\"mec-weekly-view-monthday\">6<\/span> <\/dt><dt data-events-count=\"3\" class=\"\"><span class=\"mec-weekly-view-weekday\">Di.<\/span> <span class=\"mec-weekly-view-monthday\">7<\/span> <\/dt><dt data-events-count=\"1\" class=\"\"><span class=\"mec-weekly-view-weekday\">Mi.<\/span> <span class=\"mec-weekly-view-monthday\">8<\/span> <\/dt><dt data-events-count=\"0\" class=\"mec-weekly-disabled mec-table-nullday\"><span class=\"mec-weekly-view-weekday\">Do.<\/span> <span class=\"mec-weekly-view-monthday\">9<\/span> <\/dt><dt data-events-count=\"1\" class=\"\"><span class=\"mec-weekly-view-weekday\">Fr.<\/span> <span class=\"mec-weekly-view-monthday\">10<\/span> <\/dt><dt data-events-count=\"0\" class=\"mec-weekly-disabled mec-table-nullday\"><span class=\"mec-weekly-view-weekday\">Sa.<\/span> <span class=\"mec-weekly-view-monthday\">11<\/span> <\/dt><dt data-events-count=\"0\" class=\"mec-weekly-disabled mec-table-nullday\"><span class=\"mec-weekly-view-weekday\">So.<\/span> <span class=\"mec-weekly-view-monthday\">12<\/span> <\/dt><\/dl><dl class=\"mec-weekly-view-week\" id=\"mec_weekly_view_week_2847_2026043\" data-week-id=\"2026043\" data-week-number=\"3\" data-max-weeks=\"5\"><dt data-events-count=\"1\" class=\"\"><span class=\"mec-weekly-view-weekday\">Mo.<\/span> <span class=\"mec-weekly-view-monthday\">13<\/span> <\/dt><dt data-events-count=\"3\" class=\"\"><span class=\"mec-weekly-view-weekday\">Di.<\/span> <span class=\"mec-weekly-view-monthday\">14<\/span> <\/dt><dt data-events-count=\"1\" class=\"\"><span class=\"mec-weekly-view-weekday\">Mi.<\/span> <span class=\"mec-weekly-view-monthday\">15<\/span> <\/dt><dt data-events-count=\"0\" class=\"mec-weekly-disabled mec-table-nullday\"><span class=\"mec-weekly-view-weekday\">Do.<\/span> <span class=\"mec-weekly-view-monthday\">16<\/span> <\/dt><dt data-events-count=\"1\" class=\"\"><span class=\"mec-weekly-view-weekday\">Fr.<\/span> <span class=\"mec-weekly-view-monthday\">17<\/span> <\/dt><dt data-events-count=\"0\" class=\"mec-weekly-disabled mec-table-nullday\"><span class=\"mec-weekly-view-weekday\">Sa.<\/span> <span class=\"mec-weekly-view-monthday\">18<\/span> <\/dt><dt data-events-count=\"0\" class=\"mec-weekly-disabled mec-table-nullday\"><span class=\"mec-weekly-view-weekday\">So.<\/span> <span class=\"mec-weekly-view-monthday\">19<\/span> <\/dt><\/dl><dl class=\"mec-weekly-view-week\" id=\"mec_weekly_view_week_2847_2026044\" data-week-id=\"2026044\" data-week-number=\"4\" data-max-weeks=\"5\"><dt data-events-count=\"1\" class=\"\"><span class=\"mec-weekly-view-weekday\">Mo.<\/span> <span class=\"mec-weekly-view-monthday\">20<\/span> <\/dt><dt data-events-count=\"3\" class=\"\"><span class=\"mec-weekly-view-weekday\">Di.<\/span> <span class=\"mec-weekly-view-monthday\">21<\/span> <\/dt><dt data-events-count=\"1\" class=\"\"><span class=\"mec-weekly-view-weekday\">Mi.<\/span> <span class=\"mec-weekly-view-monthday\">22<\/span> <\/dt><dt data-events-count=\"0\" class=\"mec-weekly-disabled mec-table-nullday\"><span class=\"mec-weekly-view-weekday\">Do.<\/span> <span class=\"mec-weekly-view-monthday\">23<\/span> <\/dt><dt data-events-count=\"1\" class=\"\"><span class=\"mec-weekly-view-weekday\">Fr.<\/span> <span class=\"mec-weekly-view-monthday\">24<\/span> <\/dt><dt data-events-count=\"0\" class=\"mec-weekly-disabled mec-table-nullday\"><span class=\"mec-weekly-view-weekday\">Sa.<\/span> <span class=\"mec-weekly-view-monthday\">25<\/span> <\/dt><dt data-events-count=\"0\" class=\"mec-weekly-disabled mec-table-nullday\"><span class=\"mec-weekly-view-weekday\">So.<\/span> <span class=\"mec-weekly-view-monthday\">26<\/span> <\/dt><\/dl><dl class=\"mec-weekly-view-week\" id=\"mec_weekly_view_week_2847_2026045\" data-week-id=\"2026045\" data-week-number=\"5\" data-max-weeks=\"5\"><dt data-events-count=\"1\" class=\"\"><span class=\"mec-weekly-view-weekday\">Mo.<\/span> <span class=\"mec-weekly-view-monthday\">27<\/span> <\/dt><dt data-events-count=\"3\" class=\"\"><span class=\"mec-weekly-view-weekday\">Di.<\/span> <span class=\"mec-weekly-view-monthday\">28<\/span> <\/dt><dt data-events-count=\"1\" class=\"\"><span class=\"mec-weekly-view-weekday\">Mi.<\/span> <span class=\"mec-weekly-view-monthday\">29<\/span> <\/dt><dt data-events-count=\"0\" class=\"mec-weekly-disabled mec-table-nullday\"><span class=\"mec-weekly-view-weekday\">Do.<\/span> <span class=\"mec-weekly-view-monthday\">30<\/span> <\/dt><dt data-events-count=\"1\" class=\"\"><span class=\"mec-weekly-view-weekday\">Fr.<\/span> <span class=\"mec-weekly-view-monthday\">1<\/span> <\/dt><dt data-events-count=\"0\" class=\"mec-weekly-disabled mec-table-nullday\"><span class=\"mec-weekly-view-weekday\">Sa.<\/span> <span class=\"mec-weekly-view-monthday\">2<\/span> <\/dt><dt data-events-count=\"0\" class=\"mec-weekly-disabled mec-table-nullday\"><span class=\"mec-weekly-view-weekday\">So.<\/span> <span class=\"mec-weekly-view-monthday\">3<\/span> <\/dt><\/dl><\/div>\r\n<div class=\"mec-week-events-container\"><ul class=\"mec-weekly-view-dates-events\">\r\n                <li class=\"mec-weekly-view-date-events mec-util-hidden mec-calendar-day-events mec-clear mec-weekly-view-week-2847-2026041\" id=\"mec_weekly_view_date_events2847_20260330\" data-week-number=\"1\">\r\n                                            <article class=\"mec-past-event mec-event-article  \">\r\n                <div class=\"mec-event-list-weekly-date mec-color\"><span class=\"mec-date-day\">30<\/span>M\u00e4rz<\/div>\r\n                <div class= \"mec-weekly-contents-wrapper\">\r\n                                        <div class=\"mec-event-image\"><img loading=\"lazy\" decoding=\"async\" width=\"150\" height=\"150\" src=\"https:\/\/vjf.at\/netzwerk-sued\/wp-content\/uploads\/sites\/18\/2021\/12\/Helden_Zitrone__rot_rgb_skateboard-Kopie-150x150.jpg\" class=\"attachment-thumbnail size-thumbnail wp-post-image\" alt=\"\" data-mec-postid=\"2888\" \/><\/div>\r\n                    <div class=\"mec-weekly-contents\">\r\n                        \r\n                                                <div class=\"mec-event-time mec-color\"><i class=\"mec-sl-clock-o\"><\/i> 15:00 - 19:00<\/div>\r\n                        \r\n                        <h4 class=\"mec-event-title\"><a class=\"mec-color-hover\" data-event-id=\"2888\" href=\"https:\/\/vjf.at\/netzwerk-sued\/events\/teenieclub-im-zdf\/\" target=\"_blank\" rel=\"noopener\">TEENIEclub im ZDF<\/a><span class=\"event-color\" style=\"background: #adcded\"><\/span><\/h4>\r\n                                                <div class=\"mec-event-detail\"><div class=\"mec-event-loc-place\">NETZWERKs\u00fcd<\/div><\/div>\r\n                                                <div class=\"mec-shortcode-organizers\"><i class=\"mec-sl-user\"><\/i><ul class=\"mec-organizers\"><li class=\"mec-organizer-item\"><a class=\"mec-color-hover\" href=\"http:\/\/www.vjf.at\/teenieclub\" target=\"_blank\">TEENIEarbeit<\/a><\/li><\/ul><\/div>                                                                    <\/div>\r\n                <\/div>\r\n            <\/article>\r\n            <\/li>\r\n                    <li class=\"mec-weekly-view-date-events mec-util-hidden mec-calendar-day-events mec-clear mec-weekly-view-week-2847-2026041\" id=\"mec_weekly_view_date_events2847_20260331\" data-week-number=\"1\">\r\n                                            <article class=\"mec-past-event mec-event-article  \">\r\n                <div class=\"mec-event-list-weekly-date mec-color\"><span class=\"mec-date-day\">31<\/span>M\u00e4rz<\/div>\r\n                <div class= \"mec-weekly-contents-wrapper\">\r\n                                        <div class=\"mec-event-image\"><img loading=\"lazy\" decoding=\"async\" width=\"150\" height=\"150\" src=\"https:\/\/vjf.at\/netzwerk-sued\/wp-content\/uploads\/sites\/18\/2022\/01\/mama_lernt_deutsch_logo-150x150.png\" class=\"attachment-thumbnail size-thumbnail wp-post-image\" alt=\"\" data-mec-postid=\"2877\" \/><\/div>\r\n                    <div class=\"mec-weekly-contents\">\r\n                        \r\n                                                <div class=\"mec-event-time mec-color\"><i class=\"mec-sl-clock-o\"><\/i> 8:35 - 10:35<\/div>\r\n                        \r\n                        <h4 class=\"mec-event-title\"><a class=\"mec-color-hover\" data-event-id=\"2877\" href=\"https:\/\/vjf.at\/netzwerk-sued\/events\/mama-lernt-deutsch\/\" target=\"_blank\" rel=\"noopener\">Mama lernt Deutsch\/ Fortgeschrittene<\/a><span class=\"event-color\" style=\"background: #59ea6c\"><\/span><\/h4>\r\n                                                <div class=\"mec-event-detail\"><div class=\"mec-event-loc-place\">NETZWERKs\u00fcd<\/div><\/div>\r\n                                                <div class=\"mec-shortcode-organizers\"><i class=\"mec-sl-user\"><\/i><ul class=\"mec-organizers\"><li class=\"mec-organizer-item\"><a class=\"mec-color-hover\" href=\"https:\/\/www.vhs-interkulturell.at\/\" target=\"_blank\">Institut f\u00fcr interkulturelle P\u00e4dagogik<\/a><\/li><\/ul><\/div>                                                                    <\/div>\r\n                <\/div>\r\n            <\/article>\r\n                                            <article class=\"mec-past-event mec-event-article  \">\r\n                <div class=\"mec-event-list-weekly-date mec-color\"><span class=\"mec-date-day\">31<\/span>M\u00e4rz<\/div>\r\n                <div class= \"mec-weekly-contents-wrapper\">\r\n                                        <div class=\"mec-event-image\"><img loading=\"lazy\" decoding=\"async\" width=\"150\" height=\"150\" src=\"https:\/\/vjf.at\/netzwerk-sued\/wp-content\/uploads\/sites\/18\/2022\/01\/mama_lernt_deutsch_logo-150x150.png\" class=\"attachment-thumbnail size-thumbnail wp-post-image\" alt=\"\" data-mec-postid=\"2886\" \/><\/div>\r\n                    <div class=\"mec-weekly-contents\">\r\n                        \r\n                                                <div class=\"mec-event-time mec-color\"><i class=\"mec-sl-clock-o\"><\/i> 10:45 - 12:45<\/div>\r\n                        \r\n                        <h4 class=\"mec-event-title\"><a class=\"mec-color-hover\" data-event-id=\"2886\" href=\"https:\/\/vjf.at\/netzwerk-sued\/events\/mama-lernt-deutsch-fortgeschrittene\/\" target=\"_blank\" rel=\"noopener\">Mama lernt Deutsch \/Anf\u00e4ngerinnen<\/a><span class=\"event-color\" style=\"background: #f9f20e\"><\/span><\/h4>\r\n                                                <div class=\"mec-event-detail\"><div class=\"mec-event-loc-place\">NETZWERKs\u00fcd<\/div><\/div>\r\n                                                <div class=\"mec-shortcode-organizers\"><i class=\"mec-sl-user\"><\/i><ul class=\"mec-organizers\"><li class=\"mec-organizer-item\"><a class=\"mec-color-hover\" href=\"https:\/\/www.vhs-interkulturell.at\/\" target=\"_blank\">Institut f\u00fcr interkulturelle P\u00e4dagogik<\/a><\/li><\/ul><\/div>                                                                    <\/div>\r\n                <\/div>\r\n            <\/article>\r\n                                            <article class=\"mec-past-event mec-event-article  \">\r\n                <div class=\"mec-event-list-weekly-date mec-color\"><span class=\"mec-date-day\">31<\/span>M\u00e4rz<\/div>\r\n                <div class= \"mec-weekly-contents-wrapper\">\r\n                                        <div class=\"mec-event-image\"><img loading=\"lazy\" decoding=\"async\" width=\"150\" height=\"150\" src=\"https:\/\/vjf.at\/netzwerk-sued\/wp-content\/uploads\/sites\/18\/2025\/02\/Mittagspause-Projekt-150x150.jpg\" class=\"attachment-thumbnail size-thumbnail wp-post-image\" alt=\"\" data-mec-postid=\"3469\" \/><\/div>\r\n                    <div class=\"mec-weekly-contents\">\r\n                        \r\n                                                <div class=\"mec-event-time mec-color\"><i class=\"mec-sl-clock-o\"><\/i> 12:00 - 13:30<\/div>\r\n                        \r\n                        <h4 class=\"mec-event-title\"><a class=\"mec-color-hover\" data-event-id=\"3469\" href=\"https:\/\/vjf.at\/netzwerk-sued\/events\/mittagspause-im-volkshaus-neue-heimat\/\" target=\"_blank\" rel=\"noopener\">Mittagspause im Volkshaus Neue Heimat<\/a><span class=\"event-color\" style=\"background: #ef13d9\"><\/span><\/h4>\r\n                                                <div class=\"mec-event-detail\"><div class=\"mec-event-loc-place\"><\/div><\/div>\r\n                                                                                                                    <\/div>\r\n                <\/div>\r\n            <\/article>\r\n            <\/li>\r\n                    <li class=\"mec-weekly-view-date-events mec-util-hidden mec-calendar-day-events mec-clear mec-weekly-view-week-2847-2026041\" id=\"mec_weekly_view_date_events2847_20260401\" data-week-number=\"1\">\r\n                                            <article class=\"mec-past-event mec-event-article  \">\r\n                <div class=\"mec-event-list-weekly-date mec-color\"><span class=\"mec-date-day\">01<\/span>April<\/div>\r\n                <div class= \"mec-weekly-contents-wrapper\">\r\n                                        <div class=\"mec-event-image\"><img loading=\"lazy\" decoding=\"async\" width=\"150\" height=\"150\" src=\"https:\/\/vjf.at\/netzwerk-sued\/wp-content\/uploads\/sites\/18\/2021\/12\/Helden_Zitrone__rot_rgb_skateboard-Kopie-150x150.jpg\" class=\"attachment-thumbnail size-thumbnail wp-post-image\" alt=\"\" data-mec-postid=\"2888\" \/><\/div>\r\n                    <div class=\"mec-weekly-contents\">\r\n                        \r\n                                                <div class=\"mec-event-time mec-color\"><i class=\"mec-sl-clock-o\"><\/i> 15:00 - 19:00<\/div>\r\n                        \r\n                        <h4 class=\"mec-event-title\"><a class=\"mec-color-hover\" data-event-id=\"2888\" href=\"https:\/\/vjf.at\/netzwerk-sued\/events\/teenieclub-im-zdf\/\" target=\"_blank\" rel=\"noopener\">TEENIEclub im ZDF<\/a><span class=\"event-color\" style=\"background: #adcded\"><\/span><\/h4>\r\n                                                <div class=\"mec-event-detail\"><div class=\"mec-event-loc-place\">NETZWERKs\u00fcd<\/div><\/div>\r\n                                                <div class=\"mec-shortcode-organizers\"><i class=\"mec-sl-user\"><\/i><ul class=\"mec-organizers\"><li class=\"mec-organizer-item\"><a class=\"mec-color-hover\" href=\"http:\/\/www.vjf.at\/teenieclub\" target=\"_blank\">TEENIEarbeit<\/a><\/li><\/ul><\/div>                                                                    <\/div>\r\n                <\/div>\r\n            <\/article>\r\n            <\/li>\r\n                                <li class=\"mec-weekly-view-date-events mec-util-hidden mec-calendar-day-events mec-clear mec-weekly-view-week-2847-2026041\" id=\"mec_weekly_view_date_events2847_20260403\" data-week-number=\"1\">\r\n                                            <article class=\"mec-past-event mec-event-article  \">\r\n                <div class=\"mec-event-list-weekly-date mec-color\"><span class=\"mec-date-day\">03<\/span>April<\/div>\r\n                <div class= \"mec-weekly-contents-wrapper\">\r\n                                        <div class=\"mec-event-image\"><img loading=\"lazy\" decoding=\"async\" width=\"150\" height=\"150\" src=\"https:\/\/vjf.at\/netzwerk-sued\/wp-content\/uploads\/sites\/18\/2021\/12\/Helden_Zitrone__rot_rgb_skateboard-Kopie-150x150.jpg\" class=\"attachment-thumbnail size-thumbnail wp-post-image\" alt=\"\" data-mec-postid=\"2888\" \/><\/div>\r\n                    <div class=\"mec-weekly-contents\">\r\n                        \r\n                                                <div class=\"mec-event-time mec-color\"><i class=\"mec-sl-clock-o\"><\/i> 15:00 - 19:00<\/div>\r\n                        \r\n                        <h4 class=\"mec-event-title\"><a class=\"mec-color-hover\" data-event-id=\"2888\" href=\"https:\/\/vjf.at\/netzwerk-sued\/events\/teenieclub-im-zdf\/\" target=\"_blank\" rel=\"noopener\">TEENIEclub im ZDF<\/a><span class=\"event-color\" style=\"background: #adcded\"><\/span><\/h4>\r\n                                                <div class=\"mec-event-detail\"><div class=\"mec-event-loc-place\">NETZWERKs\u00fcd<\/div><\/div>\r\n                                                <div class=\"mec-shortcode-organizers\"><i class=\"mec-sl-user\"><\/i><ul class=\"mec-organizers\"><li class=\"mec-organizer-item\"><a class=\"mec-color-hover\" href=\"http:\/\/www.vjf.at\/teenieclub\" target=\"_blank\">TEENIEarbeit<\/a><\/li><\/ul><\/div>                                                                    <\/div>\r\n                <\/div>\r\n            <\/article>\r\n            <\/li>\r\n                                            <li class=\"mec-weekly-view-date-events mec-util-hidden mec-calendar-day-events mec-clear mec-weekly-view-week-2847-2026042\" id=\"mec_weekly_view_date_events2847_20260406\" data-week-number=\"2\">\r\n                                            <article class=\"mec-past-event mec-event-article  \">\r\n                <div class=\"mec-event-list-weekly-date mec-color\"><span class=\"mec-date-day\">06<\/span>April<\/div>\r\n                <div class= \"mec-weekly-contents-wrapper\">\r\n                                        <div class=\"mec-event-image\"><img loading=\"lazy\" decoding=\"async\" width=\"150\" height=\"150\" src=\"https:\/\/vjf.at\/netzwerk-sued\/wp-content\/uploads\/sites\/18\/2021\/12\/Helden_Zitrone__rot_rgb_skateboard-Kopie-150x150.jpg\" class=\"attachment-thumbnail size-thumbnail wp-post-image\" alt=\"\" data-mec-postid=\"2888\" \/><\/div>\r\n                    <div class=\"mec-weekly-contents\">\r\n                        \r\n                                                <div class=\"mec-event-time mec-color\"><i class=\"mec-sl-clock-o\"><\/i> 15:00 - 19:00<\/div>\r\n                        \r\n                        <h4 class=\"mec-event-title\"><a class=\"mec-color-hover\" data-event-id=\"2888\" href=\"https:\/\/vjf.at\/netzwerk-sued\/events\/teenieclub-im-zdf\/\" target=\"_blank\" rel=\"noopener\">TEENIEclub im ZDF<\/a><span class=\"event-color\" style=\"background: #adcded\"><\/span><\/h4>\r\n                                                <div class=\"mec-event-detail\"><div class=\"mec-event-loc-place\">NETZWERKs\u00fcd<\/div><\/div>\r\n                                                <div class=\"mec-shortcode-organizers\"><i class=\"mec-sl-user\"><\/i><ul class=\"mec-organizers\"><li class=\"mec-organizer-item\"><a class=\"mec-color-hover\" href=\"http:\/\/www.vjf.at\/teenieclub\" target=\"_blank\">TEENIEarbeit<\/a><\/li><\/ul><\/div>                                                                    <\/div>\r\n                <\/div>\r\n            <\/article>\r\n            <\/li>\r\n                    <li class=\"mec-weekly-view-date-events mec-util-hidden mec-calendar-day-events mec-clear mec-weekly-view-week-2847-2026042\" id=\"mec_weekly_view_date_events2847_20260407\" data-week-number=\"2\">\r\n                                            <article class=\"mec-past-event mec-event-article  \">\r\n                <div class=\"mec-event-list-weekly-date mec-color\"><span class=\"mec-date-day\">07<\/span>April<\/div>\r\n                <div class= \"mec-weekly-contents-wrapper\">\r\n                                        <div class=\"mec-event-image\"><img loading=\"lazy\" decoding=\"async\" width=\"150\" height=\"150\" src=\"https:\/\/vjf.at\/netzwerk-sued\/wp-content\/uploads\/sites\/18\/2022\/01\/mama_lernt_deutsch_logo-150x150.png\" class=\"attachment-thumbnail size-thumbnail wp-post-image\" alt=\"\" data-mec-postid=\"2877\" \/><\/div>\r\n                    <div class=\"mec-weekly-contents\">\r\n                        \r\n                                                <div class=\"mec-event-time mec-color\"><i class=\"mec-sl-clock-o\"><\/i> 8:35 - 10:35<\/div>\r\n                        \r\n                        <h4 class=\"mec-event-title\"><a class=\"mec-color-hover\" data-event-id=\"2877\" href=\"https:\/\/vjf.at\/netzwerk-sued\/events\/mama-lernt-deutsch\/\" target=\"_blank\" rel=\"noopener\">Mama lernt Deutsch\/ Fortgeschrittene<\/a><span class=\"event-color\" style=\"background: #59ea6c\"><\/span><\/h4>\r\n                                                <div class=\"mec-event-detail\"><div class=\"mec-event-loc-place\">NETZWERKs\u00fcd<\/div><\/div>\r\n                                                <div class=\"mec-shortcode-organizers\"><i class=\"mec-sl-user\"><\/i><ul class=\"mec-organizers\"><li class=\"mec-organizer-item\"><a class=\"mec-color-hover\" href=\"https:\/\/www.vhs-interkulturell.at\/\" target=\"_blank\">Institut f\u00fcr interkulturelle P\u00e4dagogik<\/a><\/li><\/ul><\/div>                                                                    <\/div>\r\n                <\/div>\r\n            <\/article>\r\n                                            <article class=\"mec-past-event mec-event-article  \">\r\n                <div class=\"mec-event-list-weekly-date mec-color\"><span class=\"mec-date-day\">07<\/span>April<\/div>\r\n                <div class= \"mec-weekly-contents-wrapper\">\r\n                                        <div class=\"mec-event-image\"><img loading=\"lazy\" decoding=\"async\" width=\"150\" height=\"150\" src=\"https:\/\/vjf.at\/netzwerk-sued\/wp-content\/uploads\/sites\/18\/2022\/01\/mama_lernt_deutsch_logo-150x150.png\" class=\"attachment-thumbnail size-thumbnail wp-post-image\" alt=\"\" data-mec-postid=\"2886\" \/><\/div>\r\n                    <div class=\"mec-weekly-contents\">\r\n                        \r\n                                                <div class=\"mec-event-time mec-color\"><i class=\"mec-sl-clock-o\"><\/i> 10:45 - 12:45<\/div>\r\n                        \r\n                        <h4 class=\"mec-event-title\"><a class=\"mec-color-hover\" data-event-id=\"2886\" href=\"https:\/\/vjf.at\/netzwerk-sued\/events\/mama-lernt-deutsch-fortgeschrittene\/\" target=\"_blank\" rel=\"noopener\">Mama lernt Deutsch \/Anf\u00e4ngerinnen<\/a><span class=\"event-color\" style=\"background: #f9f20e\"><\/span><\/h4>\r\n                                                <div class=\"mec-event-detail\"><div class=\"mec-event-loc-place\">NETZWERKs\u00fcd<\/div><\/div>\r\n                                                <div class=\"mec-shortcode-organizers\"><i class=\"mec-sl-user\"><\/i><ul class=\"mec-organizers\"><li class=\"mec-organizer-item\"><a class=\"mec-color-hover\" href=\"https:\/\/www.vhs-interkulturell.at\/\" target=\"_blank\">Institut f\u00fcr interkulturelle P\u00e4dagogik<\/a><\/li><\/ul><\/div>                                                                    <\/div>\r\n                <\/div>\r\n            <\/article>\r\n                                            <article class=\"mec-past-event mec-event-article  \">\r\n                <div class=\"mec-event-list-weekly-date mec-color\"><span class=\"mec-date-day\">07<\/span>April<\/div>\r\n                <div class= \"mec-weekly-contents-wrapper\">\r\n                                        <div class=\"mec-event-image\"><img loading=\"lazy\" decoding=\"async\" width=\"150\" height=\"150\" src=\"https:\/\/vjf.at\/netzwerk-sued\/wp-content\/uploads\/sites\/18\/2025\/02\/Mittagspause-Projekt-150x150.jpg\" class=\"attachment-thumbnail size-thumbnail wp-post-image\" alt=\"\" data-mec-postid=\"3469\" \/><\/div>\r\n                    <div class=\"mec-weekly-contents\">\r\n                        \r\n                                                <div class=\"mec-event-time mec-color\"><i class=\"mec-sl-clock-o\"><\/i> 12:00 - 13:30<\/div>\r\n                        \r\n                        <h4 class=\"mec-event-title\"><a class=\"mec-color-hover\" data-event-id=\"3469\" href=\"https:\/\/vjf.at\/netzwerk-sued\/events\/mittagspause-im-volkshaus-neue-heimat\/\" target=\"_blank\" rel=\"noopener\">Mittagspause im Volkshaus Neue Heimat<\/a><span class=\"event-color\" style=\"background: #ef13d9\"><\/span><\/h4>\r\n                                                <div class=\"mec-event-detail\"><div class=\"mec-event-loc-place\"><\/div><\/div>\r\n                                                                                                                    <\/div>\r\n                <\/div>\r\n            <\/article>\r\n            <\/li>\r\n                    <li class=\"mec-weekly-view-date-events mec-util-hidden mec-calendar-day-events mec-clear mec-weekly-view-week-2847-2026042\" id=\"mec_weekly_view_date_events2847_20260408\" data-week-number=\"2\">\r\n                                            <article class=\"mec-past-event mec-event-article  \">\r\n                <div class=\"mec-event-list-weekly-date mec-color\"><span class=\"mec-date-day\">08<\/span>April<\/div>\r\n                <div class= \"mec-weekly-contents-wrapper\">\r\n                                        <div class=\"mec-event-image\"><img loading=\"lazy\" decoding=\"async\" width=\"150\" height=\"150\" src=\"https:\/\/vjf.at\/netzwerk-sued\/wp-content\/uploads\/sites\/18\/2021\/12\/Helden_Zitrone__rot_rgb_skateboard-Kopie-150x150.jpg\" class=\"attachment-thumbnail size-thumbnail wp-post-image\" alt=\"\" data-mec-postid=\"2888\" \/><\/div>\r\n                    <div class=\"mec-weekly-contents\">\r\n                        \r\n                                                <div class=\"mec-event-time mec-color\"><i class=\"mec-sl-clock-o\"><\/i> 15:00 - 19:00<\/div>\r\n                        \r\n                        <h4 class=\"mec-event-title\"><a class=\"mec-color-hover\" data-event-id=\"2888\" href=\"https:\/\/vjf.at\/netzwerk-sued\/events\/teenieclub-im-zdf\/\" target=\"_blank\" rel=\"noopener\">TEENIEclub im ZDF<\/a><span class=\"event-color\" style=\"background: #adcded\"><\/span><\/h4>\r\n                                                <div class=\"mec-event-detail\"><div class=\"mec-event-loc-place\">NETZWERKs\u00fcd<\/div><\/div>\r\n                                                <div class=\"mec-shortcode-organizers\"><i class=\"mec-sl-user\"><\/i><ul class=\"mec-organizers\"><li class=\"mec-organizer-item\"><a class=\"mec-color-hover\" href=\"http:\/\/www.vjf.at\/teenieclub\" target=\"_blank\">TEENIEarbeit<\/a><\/li><\/ul><\/div>                                                                    <\/div>\r\n                <\/div>\r\n            <\/article>\r\n            <\/li>\r\n                                <li class=\"mec-weekly-view-date-events mec-util-hidden mec-calendar-day-events mec-clear mec-weekly-view-week-2847-2026042\" id=\"mec_weekly_view_date_events2847_20260410\" data-week-number=\"2\">\r\n                                            <article class=\"mec-past-event mec-event-article  \">\r\n                <div class=\"mec-event-list-weekly-date mec-color\"><span class=\"mec-date-day\">10<\/span>April<\/div>\r\n                <div class= \"mec-weekly-contents-wrapper\">\r\n                                        <div class=\"mec-event-image\"><img loading=\"lazy\" decoding=\"async\" width=\"150\" height=\"150\" src=\"https:\/\/vjf.at\/netzwerk-sued\/wp-content\/uploads\/sites\/18\/2021\/12\/Helden_Zitrone__rot_rgb_skateboard-Kopie-150x150.jpg\" class=\"attachment-thumbnail size-thumbnail wp-post-image\" alt=\"\" data-mec-postid=\"2888\" \/><\/div>\r\n                    <div class=\"mec-weekly-contents\">\r\n                        \r\n                                                <div class=\"mec-event-time mec-color\"><i class=\"mec-sl-clock-o\"><\/i> 15:00 - 19:00<\/div>\r\n                        \r\n                        <h4 class=\"mec-event-title\"><a class=\"mec-color-hover\" data-event-id=\"2888\" href=\"https:\/\/vjf.at\/netzwerk-sued\/events\/teenieclub-im-zdf\/\" target=\"_blank\" rel=\"noopener\">TEENIEclub im ZDF<\/a><span class=\"event-color\" style=\"background: #adcded\"><\/span><\/h4>\r\n                                                <div class=\"mec-event-detail\"><div class=\"mec-event-loc-place\">NETZWERKs\u00fcd<\/div><\/div>\r\n                                                <div class=\"mec-shortcode-organizers\"><i class=\"mec-sl-user\"><\/i><ul class=\"mec-organizers\"><li class=\"mec-organizer-item\"><a class=\"mec-color-hover\" href=\"http:\/\/www.vjf.at\/teenieclub\" target=\"_blank\">TEENIEarbeit<\/a><\/li><\/ul><\/div>                                                                    <\/div>\r\n                <\/div>\r\n            <\/article>\r\n            <\/li>\r\n                                            <li class=\"mec-weekly-view-date-events mec-util-hidden mec-calendar-day-events mec-clear mec-weekly-view-week-2847-2026043\" id=\"mec_weekly_view_date_events2847_20260413\" data-week-number=\"3\">\r\n                                            <article class=\"mec-past-event mec-event-article  \">\r\n                <div class=\"mec-event-list-weekly-date mec-color\"><span class=\"mec-date-day\">13<\/span>April<\/div>\r\n                <div class= \"mec-weekly-contents-wrapper\">\r\n                                        <div class=\"mec-event-image\"><img loading=\"lazy\" decoding=\"async\" width=\"150\" height=\"150\" src=\"https:\/\/vjf.at\/netzwerk-sued\/wp-content\/uploads\/sites\/18\/2021\/12\/Helden_Zitrone__rot_rgb_skateboard-Kopie-150x150.jpg\" class=\"attachment-thumbnail size-thumbnail wp-post-image\" alt=\"\" data-mec-postid=\"2888\" \/><\/div>\r\n                    <div class=\"mec-weekly-contents\">\r\n                        \r\n                                                <div class=\"mec-event-time mec-color\"><i class=\"mec-sl-clock-o\"><\/i> 15:00 - 19:00<\/div>\r\n                        \r\n                        <h4 class=\"mec-event-title\"><a class=\"mec-color-hover\" data-event-id=\"2888\" href=\"https:\/\/vjf.at\/netzwerk-sued\/events\/teenieclub-im-zdf\/\" target=\"_blank\" rel=\"noopener\">TEENIEclub im ZDF<\/a><span class=\"event-color\" style=\"background: #adcded\"><\/span><\/h4>\r\n                                                <div class=\"mec-event-detail\"><div class=\"mec-event-loc-place\">NETZWERKs\u00fcd<\/div><\/div>\r\n                                                <div class=\"mec-shortcode-organizers\"><i class=\"mec-sl-user\"><\/i><ul class=\"mec-organizers\"><li class=\"mec-organizer-item\"><a class=\"mec-color-hover\" href=\"http:\/\/www.vjf.at\/teenieclub\" target=\"_blank\">TEENIEarbeit<\/a><\/li><\/ul><\/div>                                                                    <\/div>\r\n                <\/div>\r\n            <\/article>\r\n            <\/li>\r\n                    <li class=\"mec-weekly-view-date-events mec-util-hidden mec-calendar-day-events mec-clear mec-weekly-view-week-2847-2026043\" id=\"mec_weekly_view_date_events2847_20260414\" data-week-number=\"3\">\r\n                                            <article class=\"mec-past-event mec-event-article  \">\r\n                <div class=\"mec-event-list-weekly-date mec-color\"><span class=\"mec-date-day\">14<\/span>April<\/div>\r\n                <div class= \"mec-weekly-contents-wrapper\">\r\n                                        <div class=\"mec-event-image\"><img loading=\"lazy\" decoding=\"async\" width=\"150\" height=\"150\" src=\"https:\/\/vjf.at\/netzwerk-sued\/wp-content\/uploads\/sites\/18\/2022\/01\/mama_lernt_deutsch_logo-150x150.png\" class=\"attachment-thumbnail size-thumbnail wp-post-image\" alt=\"\" data-mec-postid=\"2877\" \/><\/div>\r\n                    <div class=\"mec-weekly-contents\">\r\n                        \r\n                                                <div class=\"mec-event-time mec-color\"><i class=\"mec-sl-clock-o\"><\/i> 8:35 - 10:35<\/div>\r\n                        \r\n                        <h4 class=\"mec-event-title\"><a class=\"mec-color-hover\" data-event-id=\"2877\" href=\"https:\/\/vjf.at\/netzwerk-sued\/events\/mama-lernt-deutsch\/\" target=\"_blank\" rel=\"noopener\">Mama lernt Deutsch\/ Fortgeschrittene<\/a><span class=\"event-color\" style=\"background: #59ea6c\"><\/span><\/h4>\r\n                                                <div class=\"mec-event-detail\"><div class=\"mec-event-loc-place\">NETZWERKs\u00fcd<\/div><\/div>\r\n                                                <div class=\"mec-shortcode-organizers\"><i class=\"mec-sl-user\"><\/i><ul class=\"mec-organizers\"><li class=\"mec-organizer-item\"><a class=\"mec-color-hover\" href=\"https:\/\/www.vhs-interkulturell.at\/\" target=\"_blank\">Institut f\u00fcr interkulturelle P\u00e4dagogik<\/a><\/li><\/ul><\/div>                                                                    <\/div>\r\n                <\/div>\r\n            <\/article>\r\n                                            <article class=\"mec-past-event mec-event-article  \">\r\n                <div class=\"mec-event-list-weekly-date mec-color\"><span class=\"mec-date-day\">14<\/span>April<\/div>\r\n                <div class= \"mec-weekly-contents-wrapper\">\r\n                                        <div class=\"mec-event-image\"><img loading=\"lazy\" decoding=\"async\" width=\"150\" height=\"150\" src=\"https:\/\/vjf.at\/netzwerk-sued\/wp-content\/uploads\/sites\/18\/2022\/01\/mama_lernt_deutsch_logo-150x150.png\" class=\"attachment-thumbnail size-thumbnail wp-post-image\" alt=\"\" data-mec-postid=\"2886\" \/><\/div>\r\n                    <div class=\"mec-weekly-contents\">\r\n                        \r\n                                                <div class=\"mec-event-time mec-color\"><i class=\"mec-sl-clock-o\"><\/i> 10:45 - 12:45<\/div>\r\n                        \r\n                        <h4 class=\"mec-event-title\"><a class=\"mec-color-hover\" data-event-id=\"2886\" href=\"https:\/\/vjf.at\/netzwerk-sued\/events\/mama-lernt-deutsch-fortgeschrittene\/\" target=\"_blank\" rel=\"noopener\">Mama lernt Deutsch \/Anf\u00e4ngerinnen<\/a><span class=\"event-color\" style=\"background: #f9f20e\"><\/span><\/h4>\r\n                                                <div class=\"mec-event-detail\"><div class=\"mec-event-loc-place\">NETZWERKs\u00fcd<\/div><\/div>\r\n                                                <div class=\"mec-shortcode-organizers\"><i class=\"mec-sl-user\"><\/i><ul class=\"mec-organizers\"><li class=\"mec-organizer-item\"><a class=\"mec-color-hover\" href=\"https:\/\/www.vhs-interkulturell.at\/\" target=\"_blank\">Institut f\u00fcr interkulturelle P\u00e4dagogik<\/a><\/li><\/ul><\/div>                                                                    <\/div>\r\n                <\/div>\r\n            <\/article>\r\n                                            <article class=\"mec-past-event mec-event-article  \">\r\n                <div class=\"mec-event-list-weekly-date mec-color\"><span class=\"mec-date-day\">14<\/span>April<\/div>\r\n                <div class= \"mec-weekly-contents-wrapper\">\r\n                                        <div class=\"mec-event-image\"><img loading=\"lazy\" decoding=\"async\" width=\"150\" height=\"150\" src=\"https:\/\/vjf.at\/netzwerk-sued\/wp-content\/uploads\/sites\/18\/2025\/02\/Mittagspause-Projekt-150x150.jpg\" class=\"attachment-thumbnail size-thumbnail wp-post-image\" alt=\"\" data-mec-postid=\"3469\" \/><\/div>\r\n                    <div class=\"mec-weekly-contents\">\r\n                        \r\n                                                <div class=\"mec-event-time mec-color\"><i class=\"mec-sl-clock-o\"><\/i> 12:00 - 13:30<\/div>\r\n                        \r\n                        <h4 class=\"mec-event-title\"><a class=\"mec-color-hover\" data-event-id=\"3469\" href=\"https:\/\/vjf.at\/netzwerk-sued\/events\/mittagspause-im-volkshaus-neue-heimat\/\" target=\"_blank\" rel=\"noopener\">Mittagspause im Volkshaus Neue Heimat<\/a><span class=\"event-color\" style=\"background: #ef13d9\"><\/span><\/h4>\r\n                                                <div class=\"mec-event-detail\"><div class=\"mec-event-loc-place\"><\/div><\/div>\r\n                                                                                                                    <\/div>\r\n                <\/div>\r\n            <\/article>\r\n            <\/li>\r\n                    <li class=\"mec-weekly-view-date-events mec-util-hidden mec-calendar-day-events mec-clear mec-weekly-view-week-2847-2026043\" id=\"mec_weekly_view_date_events2847_20260415\" data-week-number=\"3\">\r\n                                            <article class=\"mec-past-event mec-event-article  \">\r\n                <div class=\"mec-event-list-weekly-date mec-color\"><span class=\"mec-date-day\">15<\/span>April<\/div>\r\n                <div class= \"mec-weekly-contents-wrapper\">\r\n                                        <div class=\"mec-event-image\"><img loading=\"lazy\" decoding=\"async\" width=\"150\" height=\"150\" src=\"https:\/\/vjf.at\/netzwerk-sued\/wp-content\/uploads\/sites\/18\/2021\/12\/Helden_Zitrone__rot_rgb_skateboard-Kopie-150x150.jpg\" class=\"attachment-thumbnail size-thumbnail wp-post-image\" alt=\"\" data-mec-postid=\"2888\" \/><\/div>\r\n                    <div class=\"mec-weekly-contents\">\r\n                        \r\n                                                <div class=\"mec-event-time mec-color\"><i class=\"mec-sl-clock-o\"><\/i> 15:00 - 19:00<\/div>\r\n                        \r\n                        <h4 class=\"mec-event-title\"><a class=\"mec-color-hover\" data-event-id=\"2888\" href=\"https:\/\/vjf.at\/netzwerk-sued\/events\/teenieclub-im-zdf\/\" target=\"_blank\" rel=\"noopener\">TEENIEclub im ZDF<\/a><span class=\"event-color\" style=\"background: #adcded\"><\/span><\/h4>\r\n                                                <div class=\"mec-event-detail\"><div class=\"mec-event-loc-place\">NETZWERKs\u00fcd<\/div><\/div>\r\n                                                <div class=\"mec-shortcode-organizers\"><i class=\"mec-sl-user\"><\/i><ul class=\"mec-organizers\"><li class=\"mec-organizer-item\"><a class=\"mec-color-hover\" href=\"http:\/\/www.vjf.at\/teenieclub\" target=\"_blank\">TEENIEarbeit<\/a><\/li><\/ul><\/div>                                                                    <\/div>\r\n                <\/div>\r\n            <\/article>\r\n            <\/li>\r\n                                <li class=\"mec-weekly-view-date-events mec-util-hidden mec-calendar-day-events mec-clear mec-weekly-view-week-2847-2026043\" id=\"mec_weekly_view_date_events2847_20260417\" data-week-number=\"3\">\r\n                                            <article class=\"mec-past-event mec-event-article  \">\r\n                <div class=\"mec-event-list-weekly-date mec-color\"><span class=\"mec-date-day\">17<\/span>April<\/div>\r\n                <div class= \"mec-weekly-contents-wrapper\">\r\n                                        <div class=\"mec-event-image\"><img loading=\"lazy\" decoding=\"async\" width=\"150\" height=\"150\" src=\"https:\/\/vjf.at\/netzwerk-sued\/wp-content\/uploads\/sites\/18\/2021\/12\/Helden_Zitrone__rot_rgb_skateboard-Kopie-150x150.jpg\" class=\"attachment-thumbnail size-thumbnail wp-post-image\" alt=\"\" data-mec-postid=\"2888\" \/><\/div>\r\n                    <div class=\"mec-weekly-contents\">\r\n                        \r\n                                                <div class=\"mec-event-time mec-color\"><i class=\"mec-sl-clock-o\"><\/i> 15:00 - 19:00<\/div>\r\n                        \r\n                        <h4 class=\"mec-event-title\"><a class=\"mec-color-hover\" data-event-id=\"2888\" href=\"https:\/\/vjf.at\/netzwerk-sued\/events\/teenieclub-im-zdf\/\" target=\"_blank\" rel=\"noopener\">TEENIEclub im ZDF<\/a><span class=\"event-color\" style=\"background: #adcded\"><\/span><\/h4>\r\n                                                <div class=\"mec-event-detail\"><div class=\"mec-event-loc-place\">NETZWERKs\u00fcd<\/div><\/div>\r\n                                                <div class=\"mec-shortcode-organizers\"><i class=\"mec-sl-user\"><\/i><ul class=\"mec-organizers\"><li class=\"mec-organizer-item\"><a class=\"mec-color-hover\" href=\"http:\/\/www.vjf.at\/teenieclub\" target=\"_blank\">TEENIEarbeit<\/a><\/li><\/ul><\/div>                                                                    <\/div>\r\n                <\/div>\r\n            <\/article>\r\n            <\/li>\r\n                                            <li class=\"mec-weekly-view-date-events mec-util-hidden mec-calendar-day-events mec-clear mec-weekly-view-week-2847-2026044\" id=\"mec_weekly_view_date_events2847_20260420\" data-week-number=\"4\">\r\n                                            <article class=\"mec-past-event mec-event-article  \">\r\n                <div class=\"mec-event-list-weekly-date mec-color\"><span class=\"mec-date-day\">20<\/span>April<\/div>\r\n                <div class= \"mec-weekly-contents-wrapper\">\r\n                                        <div class=\"mec-event-image\"><img loading=\"lazy\" decoding=\"async\" width=\"150\" height=\"150\" src=\"https:\/\/vjf.at\/netzwerk-sued\/wp-content\/uploads\/sites\/18\/2021\/12\/Helden_Zitrone__rot_rgb_skateboard-Kopie-150x150.jpg\" class=\"attachment-thumbnail size-thumbnail wp-post-image\" alt=\"\" data-mec-postid=\"2888\" \/><\/div>\r\n                    <div class=\"mec-weekly-contents\">\r\n                        \r\n                                                <div class=\"mec-event-time mec-color\"><i class=\"mec-sl-clock-o\"><\/i> 15:00 - 19:00<\/div>\r\n                        \r\n                        <h4 class=\"mec-event-title\"><a class=\"mec-color-hover\" data-event-id=\"2888\" href=\"https:\/\/vjf.at\/netzwerk-sued\/events\/teenieclub-im-zdf\/\" target=\"_blank\" rel=\"noopener\">TEENIEclub im ZDF<\/a><span class=\"event-color\" style=\"background: #adcded\"><\/span><\/h4>\r\n                                                <div class=\"mec-event-detail\"><div class=\"mec-event-loc-place\">NETZWERKs\u00fcd<\/div><\/div>\r\n                                                <div class=\"mec-shortcode-organizers\"><i class=\"mec-sl-user\"><\/i><ul class=\"mec-organizers\"><li class=\"mec-organizer-item\"><a class=\"mec-color-hover\" href=\"http:\/\/www.vjf.at\/teenieclub\" target=\"_blank\">TEENIEarbeit<\/a><\/li><\/ul><\/div>                                                                    <\/div>\r\n                <\/div>\r\n            <\/article>\r\n            <\/li>\r\n                    <li class=\"mec-weekly-view-date-events mec-util-hidden mec-calendar-day-events mec-clear mec-weekly-view-week-2847-2026044\" id=\"mec_weekly_view_date_events2847_20260421\" data-week-number=\"4\">\r\n                                            <article class=\"mec-past-event mec-event-article  \">\r\n                <div class=\"mec-event-list-weekly-date mec-color\"><span class=\"mec-date-day\">21<\/span>April<\/div>\r\n                <div class= \"mec-weekly-contents-wrapper\">\r\n                                        <div class=\"mec-event-image\"><img loading=\"lazy\" decoding=\"async\" width=\"150\" height=\"150\" src=\"https:\/\/vjf.at\/netzwerk-sued\/wp-content\/uploads\/sites\/18\/2022\/01\/mama_lernt_deutsch_logo-150x150.png\" class=\"attachment-thumbnail size-thumbnail wp-post-image\" alt=\"\" data-mec-postid=\"2877\" \/><\/div>\r\n                    <div class=\"mec-weekly-contents\">\r\n                        \r\n                                                <div class=\"mec-event-time mec-color\"><i class=\"mec-sl-clock-o\"><\/i> 8:35 - 10:35<\/div>\r\n                        \r\n                        <h4 class=\"mec-event-title\"><a class=\"mec-color-hover\" data-event-id=\"2877\" href=\"https:\/\/vjf.at\/netzwerk-sued\/events\/mama-lernt-deutsch\/\" target=\"_blank\" rel=\"noopener\">Mama lernt Deutsch\/ Fortgeschrittene<\/a><span class=\"event-color\" style=\"background: #59ea6c\"><\/span><\/h4>\r\n                                                <div class=\"mec-event-detail\"><div class=\"mec-event-loc-place\">NETZWERKs\u00fcd<\/div><\/div>\r\n                                                <div class=\"mec-shortcode-organizers\"><i class=\"mec-sl-user\"><\/i><ul class=\"mec-organizers\"><li class=\"mec-organizer-item\"><a class=\"mec-color-hover\" href=\"https:\/\/www.vhs-interkulturell.at\/\" target=\"_blank\">Institut f\u00fcr interkulturelle P\u00e4dagogik<\/a><\/li><\/ul><\/div>                                                                    <\/div>\r\n                <\/div>\r\n            <\/article>\r\n                                            <article class=\"mec-past-event mec-event-article  \">\r\n                <div class=\"mec-event-list-weekly-date mec-color\"><span class=\"mec-date-day\">21<\/span>April<\/div>\r\n                <div class= \"mec-weekly-contents-wrapper\">\r\n                                        <div class=\"mec-event-image\"><img loading=\"lazy\" decoding=\"async\" width=\"150\" height=\"150\" src=\"https:\/\/vjf.at\/netzwerk-sued\/wp-content\/uploads\/sites\/18\/2022\/01\/mama_lernt_deutsch_logo-150x150.png\" class=\"attachment-thumbnail size-thumbnail wp-post-image\" alt=\"\" data-mec-postid=\"2886\" \/><\/div>\r\n                    <div class=\"mec-weekly-contents\">\r\n                        \r\n                                                <div class=\"mec-event-time mec-color\"><i class=\"mec-sl-clock-o\"><\/i> 10:45 - 12:45<\/div>\r\n                        \r\n                        <h4 class=\"mec-event-title\"><a class=\"mec-color-hover\" data-event-id=\"2886\" href=\"https:\/\/vjf.at\/netzwerk-sued\/events\/mama-lernt-deutsch-fortgeschrittene\/\" target=\"_blank\" rel=\"noopener\">Mama lernt Deutsch \/Anf\u00e4ngerinnen<\/a><span class=\"event-color\" style=\"background: #f9f20e\"><\/span><\/h4>\r\n                                                <div class=\"mec-event-detail\"><div class=\"mec-event-loc-place\">NETZWERKs\u00fcd<\/div><\/div>\r\n                                                <div class=\"mec-shortcode-organizers\"><i class=\"mec-sl-user\"><\/i><ul class=\"mec-organizers\"><li class=\"mec-organizer-item\"><a class=\"mec-color-hover\" href=\"https:\/\/www.vhs-interkulturell.at\/\" target=\"_blank\">Institut f\u00fcr interkulturelle P\u00e4dagogik<\/a><\/li><\/ul><\/div>                                                                    <\/div>\r\n                <\/div>\r\n            <\/article>\r\n                                            <article class=\"mec-past-event mec-event-article  \">\r\n                <div class=\"mec-event-list-weekly-date mec-color\"><span class=\"mec-date-day\">21<\/span>April<\/div>\r\n                <div class= \"mec-weekly-contents-wrapper\">\r\n                                        <div class=\"mec-event-image\"><img loading=\"lazy\" decoding=\"async\" width=\"150\" height=\"150\" src=\"https:\/\/vjf.at\/netzwerk-sued\/wp-content\/uploads\/sites\/18\/2025\/02\/Mittagspause-Projekt-150x150.jpg\" class=\"attachment-thumbnail size-thumbnail wp-post-image\" alt=\"\" data-mec-postid=\"3469\" \/><\/div>\r\n                    <div class=\"mec-weekly-contents\">\r\n                        \r\n                                                <div class=\"mec-event-time mec-color\"><i class=\"mec-sl-clock-o\"><\/i> 12:00 - 13:30<\/div>\r\n                        \r\n                        <h4 class=\"mec-event-title\"><a class=\"mec-color-hover\" data-event-id=\"3469\" href=\"https:\/\/vjf.at\/netzwerk-sued\/events\/mittagspause-im-volkshaus-neue-heimat\/\" target=\"_blank\" rel=\"noopener\">Mittagspause im Volkshaus Neue Heimat<\/a><span class=\"event-color\" style=\"background: #ef13d9\"><\/span><\/h4>\r\n                                                <div class=\"mec-event-detail\"><div class=\"mec-event-loc-place\"><\/div><\/div>\r\n                                                                                                                    <\/div>\r\n                <\/div>\r\n            <\/article>\r\n            <\/li>\r\n                    <li class=\"mec-weekly-view-date-events mec-util-hidden mec-calendar-day-events mec-clear mec-weekly-view-week-2847-2026044\" id=\"mec_weekly_view_date_events2847_20260422\" data-week-number=\"4\">\r\n                                            <article class=\"mec-past-event mec-event-article  \">\r\n                <div class=\"mec-event-list-weekly-date mec-color\"><span class=\"mec-date-day\">22<\/span>April<\/div>\r\n                <div class= \"mec-weekly-contents-wrapper\">\r\n                                        <div class=\"mec-event-image\"><img loading=\"lazy\" decoding=\"async\" width=\"150\" height=\"150\" src=\"https:\/\/vjf.at\/netzwerk-sued\/wp-content\/uploads\/sites\/18\/2021\/12\/Helden_Zitrone__rot_rgb_skateboard-Kopie-150x150.jpg\" class=\"attachment-thumbnail size-thumbnail wp-post-image\" alt=\"\" data-mec-postid=\"2888\" \/><\/div>\r\n                    <div class=\"mec-weekly-contents\">\r\n                        \r\n                                                <div class=\"mec-event-time mec-color\"><i class=\"mec-sl-clock-o\"><\/i> 15:00 - 19:00<\/div>\r\n                        \r\n                        <h4 class=\"mec-event-title\"><a class=\"mec-color-hover\" data-event-id=\"2888\" href=\"https:\/\/vjf.at\/netzwerk-sued\/events\/teenieclub-im-zdf\/\" target=\"_blank\" rel=\"noopener\">TEENIEclub im ZDF<\/a><span class=\"event-color\" style=\"background: #adcded\"><\/span><\/h4>\r\n                                                <div class=\"mec-event-detail\"><div class=\"mec-event-loc-place\">NETZWERKs\u00fcd<\/div><\/div>\r\n                                                <div class=\"mec-shortcode-organizers\"><i class=\"mec-sl-user\"><\/i><ul class=\"mec-organizers\"><li class=\"mec-organizer-item\"><a class=\"mec-color-hover\" href=\"http:\/\/www.vjf.at\/teenieclub\" target=\"_blank\">TEENIEarbeit<\/a><\/li><\/ul><\/div>                                                                    <\/div>\r\n                <\/div>\r\n            <\/article>\r\n            <\/li>\r\n                                <li class=\"mec-weekly-view-date-events mec-util-hidden mec-calendar-day-events mec-clear mec-weekly-view-week-2847-2026044\" id=\"mec_weekly_view_date_events2847_20260424\" data-week-number=\"4\">\r\n                                            <article class=\"mec-past-event mec-event-article  \">\r\n                <div class=\"mec-event-list-weekly-date mec-color\"><span class=\"mec-date-day\">24<\/span>April<\/div>\r\n                <div class= \"mec-weekly-contents-wrapper\">\r\n                                        <div class=\"mec-event-image\"><img loading=\"lazy\" decoding=\"async\" width=\"150\" height=\"150\" src=\"https:\/\/vjf.at\/netzwerk-sued\/wp-content\/uploads\/sites\/18\/2021\/12\/Helden_Zitrone__rot_rgb_skateboard-Kopie-150x150.jpg\" class=\"attachment-thumbnail size-thumbnail wp-post-image\" alt=\"\" data-mec-postid=\"2888\" \/><\/div>\r\n                    <div class=\"mec-weekly-contents\">\r\n                        \r\n                                                <div class=\"mec-event-time mec-color\"><i class=\"mec-sl-clock-o\"><\/i> 15:00 - 19:00<\/div>\r\n                        \r\n                        <h4 class=\"mec-event-title\"><a class=\"mec-color-hover\" data-event-id=\"2888\" href=\"https:\/\/vjf.at\/netzwerk-sued\/events\/teenieclub-im-zdf\/\" target=\"_blank\" rel=\"noopener\">TEENIEclub im ZDF<\/a><span class=\"event-color\" style=\"background: #adcded\"><\/span><\/h4>\r\n                                                <div class=\"mec-event-detail\"><div class=\"mec-event-loc-place\">NETZWERKs\u00fcd<\/div><\/div>\r\n                                                <div class=\"mec-shortcode-organizers\"><i class=\"mec-sl-user\"><\/i><ul class=\"mec-organizers\"><li class=\"mec-organizer-item\"><a class=\"mec-color-hover\" href=\"http:\/\/www.vjf.at\/teenieclub\" target=\"_blank\">TEENIEarbeit<\/a><\/li><\/ul><\/div>                                                                    <\/div>\r\n                <\/div>\r\n            <\/article>\r\n            <\/li>\r\n                                            <li class=\"mec-weekly-view-date-events mec-util-hidden mec-calendar-day-events mec-clear mec-weekly-view-week-2847-2026045\" id=\"mec_weekly_view_date_events2847_20260427\" data-week-number=\"5\">\r\n                                            <article class=\"mec-past-event mec-event-article  \">\r\n                <div class=\"mec-event-list-weekly-date mec-color\"><span class=\"mec-date-day\">27<\/span>April<\/div>\r\n                <div class= \"mec-weekly-contents-wrapper\">\r\n                                        <div class=\"mec-event-image\"><img loading=\"lazy\" decoding=\"async\" width=\"150\" height=\"150\" src=\"https:\/\/vjf.at\/netzwerk-sued\/wp-content\/uploads\/sites\/18\/2021\/12\/Helden_Zitrone__rot_rgb_skateboard-Kopie-150x150.jpg\" class=\"attachment-thumbnail size-thumbnail wp-post-image\" alt=\"\" data-mec-postid=\"2888\" \/><\/div>\r\n                    <div class=\"mec-weekly-contents\">\r\n                        \r\n                                                <div class=\"mec-event-time mec-color\"><i class=\"mec-sl-clock-o\"><\/i> 15:00 - 19:00<\/div>\r\n                        \r\n                        <h4 class=\"mec-event-title\"><a class=\"mec-color-hover\" data-event-id=\"2888\" href=\"https:\/\/vjf.at\/netzwerk-sued\/events\/teenieclub-im-zdf\/\" target=\"_blank\" rel=\"noopener\">TEENIEclub im ZDF<\/a><span class=\"event-color\" style=\"background: #adcded\"><\/span><\/h4>\r\n                                                <div class=\"mec-event-detail\"><div class=\"mec-event-loc-place\">NETZWERKs\u00fcd<\/div><\/div>\r\n                                                <div class=\"mec-shortcode-organizers\"><i class=\"mec-sl-user\"><\/i><ul class=\"mec-organizers\"><li class=\"mec-organizer-item\"><a class=\"mec-color-hover\" href=\"http:\/\/www.vjf.at\/teenieclub\" target=\"_blank\">TEENIEarbeit<\/a><\/li><\/ul><\/div>                                                                    <\/div>\r\n                <\/div>\r\n            <\/article>\r\n            <\/li>\r\n                    <li class=\"mec-weekly-view-date-events mec-util-hidden mec-calendar-day-events mec-clear mec-weekly-view-week-2847-2026045\" id=\"mec_weekly_view_date_events2847_20260428\" data-week-number=\"5\">\r\n                                            <article class=\"mec-past-event mec-event-article  \">\r\n                <div class=\"mec-event-list-weekly-date mec-color\"><span class=\"mec-date-day\">28<\/span>April<\/div>\r\n                <div class= \"mec-weekly-contents-wrapper\">\r\n                                        <div class=\"mec-event-image\"><img loading=\"lazy\" decoding=\"async\" width=\"150\" height=\"150\" src=\"https:\/\/vjf.at\/netzwerk-sued\/wp-content\/uploads\/sites\/18\/2022\/01\/mama_lernt_deutsch_logo-150x150.png\" class=\"attachment-thumbnail size-thumbnail wp-post-image\" alt=\"\" data-mec-postid=\"2877\" \/><\/div>\r\n                    <div class=\"mec-weekly-contents\">\r\n                        \r\n                                                <div class=\"mec-event-time mec-color\"><i class=\"mec-sl-clock-o\"><\/i> 8:35 - 10:35<\/div>\r\n                        \r\n                        <h4 class=\"mec-event-title\"><a class=\"mec-color-hover\" data-event-id=\"2877\" href=\"https:\/\/vjf.at\/netzwerk-sued\/events\/mama-lernt-deutsch\/\" target=\"_blank\" rel=\"noopener\">Mama lernt Deutsch\/ Fortgeschrittene<\/a><span class=\"event-color\" style=\"background: #59ea6c\"><\/span><\/h4>\r\n                                                <div class=\"mec-event-detail\"><div class=\"mec-event-loc-place\">NETZWERKs\u00fcd<\/div><\/div>\r\n                                                <div class=\"mec-shortcode-organizers\"><i class=\"mec-sl-user\"><\/i><ul class=\"mec-organizers\"><li class=\"mec-organizer-item\"><a class=\"mec-color-hover\" href=\"https:\/\/www.vhs-interkulturell.at\/\" target=\"_blank\">Institut f\u00fcr interkulturelle P\u00e4dagogik<\/a><\/li><\/ul><\/div>                                                                    <\/div>\r\n                <\/div>\r\n            <\/article>\r\n                                            <article class=\"mec-past-event mec-event-article  \">\r\n                <div class=\"mec-event-list-weekly-date mec-color\"><span class=\"mec-date-day\">28<\/span>April<\/div>\r\n                <div class= \"mec-weekly-contents-wrapper\">\r\n                                        <div class=\"mec-event-image\"><img loading=\"lazy\" decoding=\"async\" width=\"150\" height=\"150\" src=\"https:\/\/vjf.at\/netzwerk-sued\/wp-content\/uploads\/sites\/18\/2022\/01\/mama_lernt_deutsch_logo-150x150.png\" class=\"attachment-thumbnail size-thumbnail wp-post-image\" alt=\"\" data-mec-postid=\"2886\" \/><\/div>\r\n                    <div class=\"mec-weekly-contents\">\r\n                        \r\n                                                <div class=\"mec-event-time mec-color\"><i class=\"mec-sl-clock-o\"><\/i> 10:45 - 12:45<\/div>\r\n                        \r\n                        <h4 class=\"mec-event-title\"><a class=\"mec-color-hover\" data-event-id=\"2886\" href=\"https:\/\/vjf.at\/netzwerk-sued\/events\/mama-lernt-deutsch-fortgeschrittene\/\" target=\"_blank\" rel=\"noopener\">Mama lernt Deutsch \/Anf\u00e4ngerinnen<\/a><span class=\"event-color\" style=\"background: #f9f20e\"><\/span><\/h4>\r\n                                                <div class=\"mec-event-detail\"><div class=\"mec-event-loc-place\">NETZWERKs\u00fcd<\/div><\/div>\r\n                                                <div class=\"mec-shortcode-organizers\"><i class=\"mec-sl-user\"><\/i><ul class=\"mec-organizers\"><li class=\"mec-organizer-item\"><a class=\"mec-color-hover\" href=\"https:\/\/www.vhs-interkulturell.at\/\" target=\"_blank\">Institut f\u00fcr interkulturelle P\u00e4dagogik<\/a><\/li><\/ul><\/div>                                                                    <\/div>\r\n                <\/div>\r\n            <\/article>\r\n                                            <article class=\"mec-past-event mec-event-article  \">\r\n                <div class=\"mec-event-list-weekly-date mec-color\"><span class=\"mec-date-day\">28<\/span>April<\/div>\r\n                <div class= \"mec-weekly-contents-wrapper\">\r\n                                        <div class=\"mec-event-image\"><img loading=\"lazy\" decoding=\"async\" width=\"150\" height=\"150\" src=\"https:\/\/vjf.at\/netzwerk-sued\/wp-content\/uploads\/sites\/18\/2025\/02\/Mittagspause-Projekt-150x150.jpg\" class=\"attachment-thumbnail size-thumbnail wp-post-image\" alt=\"\" data-mec-postid=\"3469\" \/><\/div>\r\n                    <div class=\"mec-weekly-contents\">\r\n                        \r\n                                                <div class=\"mec-event-time mec-color\"><i class=\"mec-sl-clock-o\"><\/i> 12:00 - 13:30<\/div>\r\n                        \r\n                        <h4 class=\"mec-event-title\"><a class=\"mec-color-hover\" data-event-id=\"3469\" href=\"https:\/\/vjf.at\/netzwerk-sued\/events\/mittagspause-im-volkshaus-neue-heimat\/\" target=\"_blank\" rel=\"noopener\">Mittagspause im Volkshaus Neue Heimat<\/a><span class=\"event-color\" style=\"background: #ef13d9\"><\/span><\/h4>\r\n                                                <div class=\"mec-event-detail\"><div class=\"mec-event-loc-place\"><\/div><\/div>\r\n                                                                                                                    <\/div>\r\n                <\/div>\r\n            <\/article>\r\n            <\/li>\r\n                    <li class=\"mec-weekly-view-date-events mec-util-hidden mec-calendar-day-events mec-clear mec-weekly-view-week-2847-2026045\" id=\"mec_weekly_view_date_events2847_20260429\" data-week-number=\"5\">\r\n                                            <article class=\"mec-past-event mec-event-article  \">\r\n                <div class=\"mec-event-list-weekly-date mec-color\"><span class=\"mec-date-day\">29<\/span>April<\/div>\r\n                <div class= \"mec-weekly-contents-wrapper\">\r\n                                        <div class=\"mec-event-image\"><img loading=\"lazy\" decoding=\"async\" width=\"150\" height=\"150\" src=\"https:\/\/vjf.at\/netzwerk-sued\/wp-content\/uploads\/sites\/18\/2021\/12\/Helden_Zitrone__rot_rgb_skateboard-Kopie-150x150.jpg\" class=\"attachment-thumbnail size-thumbnail wp-post-image\" alt=\"\" data-mec-postid=\"2888\" \/><\/div>\r\n                    <div class=\"mec-weekly-contents\">\r\n                        \r\n                                                <div class=\"mec-event-time mec-color\"><i class=\"mec-sl-clock-o\"><\/i> 15:00 - 19:00<\/div>\r\n                        \r\n                        <h4 class=\"mec-event-title\"><a class=\"mec-color-hover\" data-event-id=\"2888\" href=\"https:\/\/vjf.at\/netzwerk-sued\/events\/teenieclub-im-zdf\/\" target=\"_blank\" rel=\"noopener\">TEENIEclub im ZDF<\/a><span class=\"event-color\" style=\"background: #adcded\"><\/span><\/h4>\r\n                                                <div class=\"mec-event-detail\"><div class=\"mec-event-loc-place\">NETZWERKs\u00fcd<\/div><\/div>\r\n                                                <div class=\"mec-shortcode-organizers\"><i class=\"mec-sl-user\"><\/i><ul class=\"mec-organizers\"><li class=\"mec-organizer-item\"><a class=\"mec-color-hover\" href=\"http:\/\/www.vjf.at\/teenieclub\" target=\"_blank\">TEENIEarbeit<\/a><\/li><\/ul><\/div>                                                                    <\/div>\r\n                <\/div>\r\n            <\/article>\r\n            <\/li>\r\n                                <li class=\"mec-weekly-view-date-events mec-util-hidden mec-calendar-day-events mec-clear mec-weekly-view-week-2847-2026045\" id=\"mec_weekly_view_date_events2847_20260501\" data-week-number=\"5\">\r\n                                            <article class=\"mec-past-event mec-event-article  \">\r\n                <div class=\"mec-event-list-weekly-date mec-color\"><span class=\"mec-date-day\">01<\/span>Mai<\/div>\r\n                <div class= \"mec-weekly-contents-wrapper\">\r\n                                        <div class=\"mec-event-image\"><img loading=\"lazy\" decoding=\"async\" width=\"150\" height=\"150\" src=\"https:\/\/vjf.at\/netzwerk-sued\/wp-content\/uploads\/sites\/18\/2021\/12\/Helden_Zitrone__rot_rgb_skateboard-Kopie-150x150.jpg\" class=\"attachment-thumbnail size-thumbnail wp-post-image\" alt=\"\" data-mec-postid=\"2888\" \/><\/div>\r\n                    <div class=\"mec-weekly-contents\">\r\n                        \r\n                                                <div class=\"mec-event-time mec-color\"><i class=\"mec-sl-clock-o\"><\/i> 15:00 - 19:00<\/div>\r\n                        \r\n                        <h4 class=\"mec-event-title\"><a class=\"mec-color-hover\" data-event-id=\"2888\" href=\"https:\/\/vjf.at\/netzwerk-sued\/events\/teenieclub-im-zdf\/\" target=\"_blank\" rel=\"noopener\">TEENIEclub im ZDF<\/a><span class=\"event-color\" style=\"background: #adcded\"><\/span><\/h4>\r\n                                                <div class=\"mec-event-detail\"><div class=\"mec-event-loc-place\">NETZWERKs\u00fcd<\/div><\/div>\r\n                                                <div class=\"mec-shortcode-organizers\"><i class=\"mec-sl-user\"><\/i><ul class=\"mec-organizers\"><li class=\"mec-organizer-item\"><a class=\"mec-color-hover\" href=\"http:\/\/www.vjf.at\/teenieclub\" target=\"_blank\">TEENIEarbeit<\/a><\/li><\/ul><\/div>                                                                    <\/div>\r\n                <\/div>\r\n            <\/article>\r\n            <\/li>\r\n        <\/ul>\r\n<div class=\"mec-event-footer\"><\/div><\/div>            <\/div>\r\n        <\/div>\r\n    <\/div>\r\n\r\n        \r\n<\/div>\r\n\t\t\t\t<\/div>\n\t\t\t\t<\/div>\n\t\t\t\t<\/div>\n\t\t\t\t\t<\/div>\n\t\t\t\t<\/div>\n\t\t<footer class=\"elementor-element elementor-element-3c7ece52 e-con-full e-flex e-con e-parent\" data-id=\"3c7ece52\" data-element_type=\"container\" data-e-type=\"container\">\n\t\t<div class=\"elementor-element elementor-element-5e8718cb e-con-full e-flex e-con e-child\" data-id=\"5e8718cb\" data-element_type=\"container\" data-e-type=\"container\">\n\t\t\t\t<div class=\"elementor-element elementor-element-1003bbf9 elementor-widget__width-initial elementor-position-top elementor-widget elementor-widget-image-box\" data-id=\"1003bbf9\" data-element_type=\"widget\" data-e-type=\"widget\" data-widget_type=\"image-box.default\">\n\t\t\t\t<div class=\"elementor-widget-container\">\n\t\t\t\t\t<div class=\"elementor-image-box-wrapper\"><figure class=\"elementor-image-box-img\"><a href=\"http:\/\/www.vjf.at\" tabindex=\"-1\"><img loading=\"lazy\" decoding=\"async\" width=\"842\" height=\"595\" src=\"https:\/\/vjf.at\/netzwerk-sued\/wp-content\/uploads\/sites\/18\/2025\/10\/VJF_webLogo.png\" class=\"attachment-full size-full wp-image-3586\" alt=\"\" srcset=\"https:\/\/vjf.at\/netzwerk-sued\/wp-content\/uploads\/sites\/18\/2025\/10\/VJF_webLogo.png 842w, https:\/\/vjf.at\/netzwerk-sued\/wp-content\/uploads\/sites\/18\/2025\/10\/VJF_webLogo-300x212.png 300w, https:\/\/vjf.at\/netzwerk-sued\/wp-content\/uploads\/sites\/18\/2025\/10\/VJF_webLogo-500x353.png 500w, https:\/\/vjf.at\/netzwerk-sued\/wp-content\/uploads\/sites\/18\/2025\/10\/VJF_webLogo-768x543.png 768w\" sizes=\"(max-width: 842px) 100vw, 842px\" \/><\/a><\/figure><div class=\"elementor-image-box-content\"><p class=\"elementor-image-box-description\">Das NETZWERKs\u00fcd ist eine Einrichtung des Vereins JUGEND &amp; FREIZEIT <\/p><\/div><\/div>\t\t\t\t<\/div>\n\t\t\t\t<\/div>\n\t\t\t\t<\/div>\n\t\t<div class=\"elementor-element elementor-element-5a9b3ae9 e-con-full e-flex e-con e-child\" data-id=\"5a9b3ae9\" data-element_type=\"container\" data-e-type=\"container\">\n\t\t\t\t<div class=\"elementor-element elementor-element-630bf60a elementor-align-center elementor-tablet-align-start elementor-mobile-align-start elementor-widget-mobile__width-initial elementor-icon-list--layout-traditional elementor-list-item-link-full_width elementor-widget elementor-widget-icon-list\" data-id=\"630bf60a\" data-element_type=\"widget\" data-e-type=\"widget\" data-widget_type=\"icon-list.default\">\n\t\t\t\t<div class=\"elementor-widget-container\">\n\t\t\t\t\t\t\t<ul class=\"elementor-icon-list-items\">\n\t\t\t\t\t\t\t<li class=\"elementor-icon-list-item\">\n\t\t\t\t\t\t\t\t\t\t\t<a href=\"tel:123-456-7890\">\n\n\t\t\t\t\t\t\t\t\t\t\t<span class=\"elementor-icon-list-text\">Matth\u00e4us-Herzg-Stra\u00dfe 7-9<\/span>\n\t\t\t\t\t\t\t\t\t\t\t<\/a>\n\t\t\t\t\t\t\t\t\t<\/li>\n\t\t\t\t\t\t\t\t<li class=\"elementor-icon-list-item\">\n\t\t\t\t\t\t\t\t\t\t<span class=\"elementor-icon-list-text\">4030 Linz<\/span>\n\t\t\t\t\t\t\t\t\t<\/li>\n\t\t\t\t\t\t\t\t<li class=\"elementor-icon-list-item\">\n\t\t\t\t\t\t\t\t\t\t<span class=\"elementor-icon-list-text\">06507730348<\/span>\n\t\t\t\t\t\t\t\t\t<\/li>\n\t\t\t\t\t\t\t\t<li class=\"elementor-icon-list-item\">\n\t\t\t\t\t\t\t\t\t\t<span class=\"elementor-icon-list-text\">netzwerk.sued@vjf.at<\/span>\n\t\t\t\t\t\t\t\t\t<\/li>\n\t\t\t\t\t\t<\/ul>\n\t\t\t\t\t\t<\/div>\n\t\t\t\t<\/div>\n\t\t\t\t<\/div>\n\t\t<div class=\"elementor-element elementor-element-619a7644 e-con-full e-flex e-con e-child\" data-id=\"619a7644\" data-element_type=\"container\" data-e-type=\"container\">\n\t\t\t\t<div class=\"elementor-element elementor-element-471cb59c elementor-widget elementor-widget-heading\" data-id=\"471cb59c\" data-element_type=\"widget\" data-e-type=\"widget\" data-widget_type=\"heading.default\">\n\t\t\t\t<div class=\"elementor-widget-container\">\n\t\t\t\t\t<h2 class=\"elementor-heading-title elementor-size-default\">Mein Recht- Keine Gewalt!<\/h2>\t\t\t\t<\/div>\n\t\t\t\t<\/div>\n\t\t\t\t<div class=\"elementor-element elementor-element-76d87ac4 elementor-widget elementor-widget-text-editor\" data-id=\"76d87ac4\" data-element_type=\"widget\" data-e-type=\"widget\" data-widget_type=\"text-editor.default\">\n\t\t\t\t<div class=\"elementor-widget-container\">\n\t\t\t\t\t\t\t\t\t<p>Wir arbeiten nach dem Schutzkonzept des Vereins JUGEND &amp; FREIZEIT\u00a0<\/p><p>Wenn du Gewalt erlebt hast, sind im NETZWERKs\u00fcd, Ami (TEENIEclub), G\u00f6n\u00fcl (BAUSTELLE) und Steffi (Streetwork Linz-S\u00fcd) deine Ansprechpersonen. Du kannst dich auch anonym \u00fcber unsere SCHUTZKONZEPTSEITE an uns wenden<\/p>\t\t\t\t\t\t\t\t<\/div>\n\t\t\t\t<\/div>\n\t\t\t\t<div class=\"elementor-element elementor-element-11f8059f elementor-align-center elementor-mobile-align-center elementor-widget elementor-widget-button\" data-id=\"11f8059f\" data-element_type=\"widget\" data-e-type=\"widget\" data-widget_type=\"button.default\">\n\t\t\t\t<div class=\"elementor-widget-container\">\n\t\t\t\t\t\t\t\t\t<div class=\"elementor-button-wrapper\">\n\t\t\t\t\t<a class=\"elementor-button elementor-button-link elementor-size-sm\" href=\"http:\/\/www.vjf.at\/schutz\">\n\t\t\t\t\t\t<span class=\"elementor-button-content-wrapper\">\n\t\t\t\t\t\t\t\t\t<span class=\"elementor-button-text\">Schutzkonzept<\/span>\n\t\t\t\t\t<\/span>\n\t\t\t\t\t<\/a>\n\t\t\t\t<\/div>\n\t\t\t\t\t\t\t\t<\/div>\n\t\t\t\t<\/div>\n\t\t\t\t<\/div>\n\t\t\t\t<\/footer>\n\t\t\t\t<\/div>\n\t\t","protected":false},"excerpt":{"rendered":"<p>Ausgezeichnet! Das NETZWERKs\u00fcd ist mit dem G\u00fctesiegel &#8222;gesundheitskompetente offene Jugendarbeit&#8220; &#8211; Level GOLD ausgezeichnet. Das Team im NETZWERKs\u00fcd legt ein besonderes Augenmerk auf Angebote, die gesundheitsf\u00f6rderlich und nachhaltig sind. Den Besuchenden des NETZWERKs\u00fcd, wird \u00fcber Angebote und Projekte Gesundheitskompetenz vermittelt. Raumvermietung F\u00fcr alle, die auf der Suche nach geeigneten R\u00e4umen f\u00fcr: Familienfeiern (Kindergeburtstag), private Veranstaltungen, [&hellip;]<\/p>\n","protected":false},"author":1,"featured_media":0,"parent":0,"menu_order":0,"comment_status":"closed","ping_status":"closed","template":"","meta":{"_acf_changed":false,"footnotes":""},"class_list":["post-2580","page","type-page","status-publish","hentry"],"acf":[],"_links":{"self":[{"href":"https:\/\/vjf.at\/netzwerk-sued\/wp-json\/wp\/v2\/pages\/2580","targetHints":{"allow":["GET"]}}],"collection":[{"href":"https:\/\/vjf.at\/netzwerk-sued\/wp-json\/wp\/v2\/pages"}],"about":[{"href":"https:\/\/vjf.at\/netzwerk-sued\/wp-json\/wp\/v2\/types\/page"}],"author":[{"embeddable":true,"href":"https:\/\/vjf.at\/netzwerk-sued\/wp-json\/wp\/v2\/users\/1"}],"replies":[{"embeddable":true,"href":"https:\/\/vjf.at\/netzwerk-sued\/wp-json\/wp\/v2\/comments?post=2580"}],"version-history":[{"count":78,"href":"https:\/\/vjf.at\/netzwerk-sued\/wp-json\/wp\/v2\/pages\/2580\/revisions"}],"predecessor-version":[{"id":3756,"href":"https:\/\/vjf.at\/netzwerk-sued\/wp-json\/wp\/v2\/pages\/2580\/revisions\/3756"}],"wp:attachment":[{"href":"https:\/\/vjf.at\/netzwerk-sued\/wp-json\/wp\/v2\/media?parent=2580"}],"curies":[{"name":"wp","href":"https:\/\/api.w.org\/{rel}","templated":true}]}}