{"id":5496,"date":"2023-03-24T18:37:04","date_gmt":"2023-03-24T17:37:04","guid":{"rendered":"https:\/\/vjf.at\/franx\/?post_type=mec-events&#038;p=5496"},"modified":"2023-03-24T18:39:31","modified_gmt":"2023-03-24T17:39:31","slug":"rolf-goes-franx4tel","status":"publish","type":"mec-events","link":"https:\/\/vjf.at\/franx\/events\/rolf-goes-franx4tel\/","title":{"rendered":"Konzert | ROLF goes FRANX4tel II"},"content":{"rendered":"\n<p>Das ROLF geht im Franckviertel in die zweite Runde, und das zum ersten Mal indoor im Jugendzentrum Franx und zwar im wunderbaren, neu gestaltetem Veranstaltungsraum mit goldener Bar.<\/p>\n\n\n\n<p><strong>\/\/\/ Early Show \/\/\/ All Ages \/\/\/ All Genders \/\/\/ Pay What You Can \/\/\/<\/strong><\/p>\n\n\n\n<p>Diesmal gibt es nicht nur Musikalisches und Kulinarisches sondern auch Politisches und After Party.<\/p>\n\n\n\n<p>Linda bereitet f\u00fcr uns einen Input vor und wird uns mit dem Vortrag: &#8222;Von der Vielfalt und der Meinungsfreiheit &#8211; Einblicke in den europ\u00e4ischen Diskriminierungsschutz&#8220; Stoff zur Weiterbildung und Horizonterweiterung bieten.<\/p>\n\n\n\n<p>Damit alle die Lauscher und Augen weit offen haben, wird &#8222;Cochlea&#8220; performativ noistastisch das Event er\u00f6ffnen!<\/p>\n\n\n\n<p>Folgen werden gro\u00dfartige Bands aus Graz und Salzburg!<br>Hidden by the Grapes und 3Deutige Aussage werden den angerissenen Abend musikalisch aufw\u00fchlen.<\/p>\n\n\n\n<p><strong>ABER ACHTUNG!!!! Die Tore des Jungendzentrums Franx schlie\u00dfen um 21:00 Uhr, denn wir wollen dass alle Besucher*innen P\u00fcnktlich zur Afterparty in die KAPU kommen!! Dort gibt es zweimal Punkrock aufs Maul und Techno-Auflegerei zum Abschluss!!<\/strong><\/p>\n\n\n\n<p><strong>!!!Mit dem Eintrittsband vom Rolf gibt es freien Eintritt in die Kapu!!!<br><\/strong>!!Linz AG Bus Linie 46 f\u00e4hrt fast von T\u00fcr zu T\u00fcr von der Stieglbauernstra\u00dfe bis zum Mariendom um 21:11Uhr, 22:11Uhr.<\/p>\n\n\n\n<hr class=\"wp-block-separator has-alpha-channel-opacity\" \/>\n\n\n\n<p><strong>TIMETABLE und Infos:<\/strong><\/p>\n\n\n\n<p>Doors: 17:00 Uhr<\/p>\n\n\n\n<p>Start: 17:30 Uhr Noise Performance Cochlea<\/p>\n\n\n\n<p>Mit synth-noise wird die Innenohrschnecke nach au\u00dfen gelockt. Drau\u00dfen wird sie mit orientalischem Sirenengesang gef\u00fcttert und gro\u00dfgezogen. Wirbel f\u00fcr Wirbel ruinieren Schallwellen das worauf menschliche Konventionen aufgebaut wurden.<\/p>\n\n\n\n<p>18:00 &#8211; 19:00 Uhr Vortrag\/Workshop<\/p>\n\n\n\n<p>Von der Vielfalt und der Meinungsfreiheit &#8211; Einblicke in den europ\u00e4ischen Diskriminierungsschutz<\/p>\n\n\n\n<p>19:00- 21:00 Uhr Konzert<\/p>\n\n\n\n<p>Hidden by the Grapes (Graz)<\/p>\n\n\n\n<hr class=\"wp-block-separator has-alpha-channel-opacity\" \/>\n\n\n\n<p>Post everything oder doch Post Punk!?<br>Jedenfalls mit viel Gef\u00fchl f\u00fcr Sound, Stimmung und Humor!<\/p>\n\n\n\n<figure class=\"wp-block-gallery has-nested-images columns-default is-cropped wp-block-gallery-1 is-layout-flex wp-block-gallery-is-layout-flex\">\n<figure class=\"wp-block-image size-large\"><a href=\"https:\/\/vjf.at\/franx\/wp-content\/uploads\/sites\/15\/2023\/03\/minirolf23instagram-e1679679339363.png\"><img decoding=\"async\" data-id=\"5497\" src=\"https:\/\/vjf.at\/franx\/wp-content\/uploads\/sites\/15\/2023\/03\/minirolf23instagram-e1679679339363-1024x931.png\" alt=\"\" class=\"wp-image-5497\" \/><\/a><\/figure>\n<\/figure>\n\n\n\n<figure class=\"wp-block-embed\"><div class=\"wp-block-embed__wrapper\">\nhttps:\/\/www.hiddenbythegrapes.com\/\n<\/div><\/figure>\n\n\n\n<p>3Deutige Aussage (SBG)<\/p>\n\n\n\n<p>Liebe und ein bisschen Punk!<\/p>\n\n\n\n<figure class=\"wp-block-embed is-type-link is-provider-3-da wp-block-embed-3-da\"><div class=\"wp-block-embed__wrapper\">\n<a href=\"https:\/\/3deutigeaussage.wordpress.com\/band\/\">B\u24b6ND<\/a>\n<\/div><\/figure>\n\n\n\n<p>\/\/\/&nbsp;<a href=\"https:\/\/www.facebook.com\/hashtag\/early?__eep__=6&amp;__cft__[0]=AZVoeDL8bRPWhmeglH0PCORC0Zgwedsp7v-Ye1PrNV5mNd6erLi6SOh_GqetjU9xhdHqdUbWx6EM2B1JR4STmI0HndbdkiGANvdH9Rw0bUGQkAixQ51acfdOM51v_qrmZwE&amp;__tn__=q\">#Early<\/a>&nbsp;Show \/\/\/ #All Ages \/\/\/&nbsp;<a href=\"https:\/\/www.facebook.com\/hashtag\/all?__eep__=6&amp;__cft__[0]=AZVoeDL8bRPWhmeglH0PCORC0Zgwedsp7v-Ye1PrNV5mNd6erLi6SOh_GqetjU9xhdHqdUbWx6EM2B1JR4STmI0HndbdkiGANvdH9Rw0bUGQkAixQ51acfdOM51v_qrmZwE&amp;__tn__=q\">#All<\/a>&nbsp;Genders \/\/\/&nbsp;<a href=\"https:\/\/www.facebook.com\/hashtag\/pay?__eep__=6&amp;__cft__[0]=AZVoeDL8bRPWhmeglH0PCORC0Zgwedsp7v-Ye1PrNV5mNd6erLi6SOh_GqetjU9xhdHqdUbWx6EM2B1JR4STmI0HndbdkiGANvdH9Rw0bUGQkAixQ51acfdOM51v_qrmZwE&amp;__tn__=q\">#Pay<\/a>&nbsp;What You Can \/\/\/<\/p>\n","protected":false},"excerpt":{"rendered":"<p>Das ROLF geht im Franckviertel in die zweite Runde, und das zum ersten Mal indoor im Jugendzentrum Franx und zwar im wunderbaren, neu gestaltetem Veranstaltungsraum mit goldener Bar. \/\/\/ Early Show \/\/\/ All Ages \/\/\/ All Genders \/\/\/ Pay What You Can \/\/\/ Diesmal gibt es nicht nur Musikalisches und Kulinarisches sondern auch Politisches und [&hellip;]<\/p>\n","protected":false},"author":12,"featured_media":0,"comment_status":"open","ping_status":"closed","template":"","tags":[97,80,42,456],"mec_category":[404,402,499],"class_list":["post-5496","mec-events","type-mec-events","status-publish","hentry","tag-franckviertel","tag-jugendzentrum","tag-juz","tag-konzert","mec_category-kunst-kultur","mec_category-musik-konzert","mec_category-workshop"],"acf":[],"_links":{"self":[{"href":"https:\/\/vjf.at\/franx\/wp-json\/wp\/v2\/mec-events\/5496","targetHints":{"allow":["GET"]}}],"collection":[{"href":"https:\/\/vjf.at\/franx\/wp-json\/wp\/v2\/mec-events"}],"about":[{"href":"https:\/\/vjf.at\/franx\/wp-json\/wp\/v2\/types\/mec-events"}],"author":[{"embeddable":true,"href":"https:\/\/vjf.at\/franx\/wp-json\/wp\/v2\/users\/12"}],"replies":[{"embeddable":true,"href":"https:\/\/vjf.at\/franx\/wp-json\/wp\/v2\/comments?post=5496"}],"version-history":[{"count":0,"href":"https:\/\/vjf.at\/franx\/wp-json\/wp\/v2\/mec-events\/5496\/revisions"}],"wp:attachment":[{"href":"https:\/\/vjf.at\/franx\/wp-json\/wp\/v2\/media?parent=5496"}],"wp:term":[{"taxonomy":"post_tag","embeddable":true,"href":"https:\/\/vjf.at\/franx\/wp-json\/wp\/v2\/tags?post=5496"},{"taxonomy":"mec_category","embeddable":true,"href":"https:\/\/vjf.at\/franx\/wp-json\/wp\/v2\/mec_category?post=5496"}],"curies":[{"name":"wp","href":"https:\/\/api.w.org\/{rel}","templated":true}]}}